{"id":4888,"date":"2022-04-05T13:54:15","date_gmt":"2022-04-05T13:54:15","guid":{"rendered":"https:\/\/patiotime.loftocean.com\/demo2\/?page_id=4888"},"modified":"2025-11-16T17:41:24","modified_gmt":"2025-11-16T16:41:24","slug":"inicio","status":"publish","type":"page","link":"https:\/\/terrazaeljardindelabuelo.es\/","title":{"rendered":"Inicio"},"content":{"rendered":"\t\t<div data-elementor-type=\"wp-page\" data-elementor-id=\"4888\" class=\"elementor elementor-4888\">\n\t\t\t\t\t\t<section class=\"elementor-section elementor-top-section elementor-element elementor-element-38100caa elementor-section-full_width animated-slow elementor-section-height-default elementor-section-height-default\" data-id=\"38100caa\" data-element_type=\"section\" data-e-type=\"section\" data-settings=\"{&quot;background_background&quot;:&quot;classic&quot;,&quot;animation&quot;:&quot;none&quot;}\">\n\t\t\t\t\t\t<div class=\"elementor-container elementor-column-gap-no\">\n\t\t\t\t\t<div class=\"elementor-column elementor-col-100 elementor-top-column elementor-element elementor-element-1dfa5d8c dark-color\" data-id=\"1dfa5d8c\" data-element_type=\"column\" data-e-type=\"column\" data-settings=\"{&quot;animation&quot;:&quot;none&quot;}\">\n\t\t\t<div class=\"elementor-widget-wrap elementor-element-populated\">\n\t\t\t\t\t\t<section class=\"elementor-section elementor-inner-section elementor-element elementor-element-33797208 elementor-section-full_width elementor-section-height-min-height elementor-section-content-middle pt-section-content-fullwidth elementor-section-height-default\" data-id=\"33797208\" data-element_type=\"section\" data-e-type=\"section\" data-settings=\"{&quot;background_background&quot;:&quot;classic&quot;}\">\n\t\t\t\t\t\t\t<div class=\"elementor-background-overlay\"><\/div>\n\t\t\t\t\t\t\t<div class=\"elementor-container elementor-column-gap-no\">\n\t\t\t\t\t<div class=\"elementor-column elementor-col-100 elementor-inner-column elementor-element elementor-element-4ff65ea5\" data-id=\"4ff65ea5\" data-element_type=\"column\" data-e-type=\"column\">\n\t\t\t<div class=\"elementor-widget-wrap elementor-element-populated\">\n\t\t\t\t\t\t<div class=\"elementor-element elementor-element-3a482d6 elementor-widget elementor-widget-pt_title\" data-id=\"3a482d6\" data-element_type=\"widget\" data-e-type=\"widget\" data-widget_type=\"pt_title.default\">\n\t\t\t\t<div class=\"elementor-widget-container\">\n\t\t\t\t\t\n        <div class=\"pt-title-wrap text-center\">\t            <div class=\"pt-subtitle-wrap\"><span class=\"pt-subtitle color-white style-bordered\">Bienvenidos al Jard\u00edn del abuelo<\/span><\/div>\t            <h2 class=\"pt-title\">\n\t                Experiencia de Cocina Mediterr\u00e1nea\t            <\/h2>\t            <div class=\"pt-title-text\">\n\t                <p>Deleitamos paladares con nuestra exquisita cocina de ra\u00edces mediterr\u00e1neas desde 1991.<\/p>\t            <\/div>                <div class=\"pt-title-btn\">\n                    <a class=\"button elementor-button-link pt-btn-large\" role=\"button\" href=\"https:\/\/terrazaeljardindelabuelo.es\/index.php\/nuestra-carta\/\" target=\"_blank\">\n                        <span class=\"pt-btn-text\">nuestra carta<\/span>\n                    <\/a>\n                <\/div>\n                    <\/div>\t\t\t\t<\/div>\n\t\t\t\t<\/div>\n\t\t\t\t\t<\/div>\n\t\t<\/div>\n\t\t\t\t\t<\/div>\n\t\t<\/section>\n\t\t\t\t\t<\/div>\n\t\t<\/div>\n\t\t\t\t\t<\/div>\n\t\t<\/section>\n\t\t\t\t<section class=\"elementor-section elementor-top-section elementor-element elementor-element-7d9687ea pt-section-content-fullwidth elementor-section-full_width elementor-section-height-default elementor-section-height-default\" data-id=\"7d9687ea\" data-element_type=\"section\" data-e-type=\"section\" data-settings=\"{&quot;background_background&quot;:&quot;classic&quot;}\">\n\t\t\t\t\t\t<div class=\"elementor-container elementor-column-gap-no\">\n\t\t\t\t\t<div class=\"elementor-column elementor-col-100 elementor-top-column elementor-element elementor-element-21bdfdcd\" data-id=\"21bdfdcd\" data-element_type=\"column\" data-e-type=\"column\">\n\t\t\t<div class=\"elementor-widget-wrap elementor-element-populated\">\n\t\t\t\t\t\t<section class=\"elementor-section elementor-inner-section elementor-element elementor-element-d5c6b67 elementor-section-boxed elementor-section-height-default elementor-section-height-default\" data-id=\"d5c6b67\" data-element_type=\"section\" data-e-type=\"section\">\n\t\t\t\t\t\t<div class=\"elementor-container elementor-column-gap-no\">\n\t\t\t\t\t<div class=\"elementor-column elementor-col-100 elementor-inner-column elementor-element elementor-element-66054c2\" data-id=\"66054c2\" data-element_type=\"column\" data-e-type=\"column\">\n\t\t\t<div class=\"elementor-widget-wrap elementor-element-populated\">\n\t\t\t\t\t\t<div class=\"elementor-element elementor-element-219abe7 elementor-widget elementor-widget-pt_title\" data-id=\"219abe7\" data-element_type=\"widget\" data-e-type=\"widget\" data-widget_type=\"pt_title.default\">\n\t\t\t\t<div class=\"elementor-widget-container\">\n\t\t\t\t\t\n        <div class=\"pt-title-wrap\">\t            <div class=\"pt-subtitle-wrap\"><span class=\"pt-subtitle style-bordered\">Experiencia gastron\u00f3mica<\/span><\/div>\t            <h3 class=\"pt-title\">\n\t                Disfruta de un viaje excepcional a trav\u00e9s de nuestra cocina.\t            <\/h3>        <\/div>\t\t\t\t<\/div>\n\t\t\t\t<\/div>\n\t\t\t\t\t<\/div>\n\t\t<\/div>\n\t\t\t\t\t<\/div>\n\t\t<\/section>\n\t\t\t\t<section class=\"elementor-section elementor-inner-section elementor-element elementor-element-7d48280f elementor-section-boxed elementor-section-height-default elementor-section-height-default\" data-id=\"7d48280f\" data-element_type=\"section\" data-e-type=\"section\">\n\t\t\t\t\t\t<div class=\"elementor-container elementor-column-gap-no\">\n\t\t\t\t\t<div class=\"elementor-column elementor-col-50 elementor-inner-column elementor-element elementor-element-1293790\" data-id=\"1293790\" data-element_type=\"column\" data-e-type=\"column\">\n\t\t\t<div class=\"elementor-widget-wrap elementor-element-populated\">\n\t\t\t\t\t\t<div class=\"elementor-element elementor-element-4cc3f70b elementor-widget elementor-widget-pt_title\" data-id=\"4cc3f70b\" data-element_type=\"widget\" data-e-type=\"widget\" data-widget_type=\"pt_title.default\">\n\t\t\t\t<div class=\"elementor-widget-container\">\n\t\t\t\t\t\n        <div class=\"pt-title-wrap\">\t            <div class=\"pt-title-text\">\n\t                <p>Para nosotros es esencial que nuestro comensal forme parte de nuestra familia haci\u00e9ndole sentir como en casa desde el primer instante que visita nuestra terraza gastron\u00f3mica en pleno coraz\u00f3n de Madrid.<\/p><p>El Jard\u00edn del Abuelo se podr\u00e1 degustar y saborear nuestra cocina mediterr\u00e1nea gracias a nuestro excepcional equipo de cocina.<\/p>\t            <\/div>        <\/div>\t\t\t\t<\/div>\n\t\t\t\t<\/div>\n\t\t\t\t\t<\/div>\n\t\t<\/div>\n\t\t\t\t<div class=\"elementor-column elementor-col-50 elementor-inner-column elementor-element elementor-element-49096471\" data-id=\"49096471\" data-element_type=\"column\" data-e-type=\"column\">\n\t\t\t<div class=\"elementor-widget-wrap\">\n\t\t\t\t\t\t\t<\/div>\n\t\t<\/div>\n\t\t\t\t\t<\/div>\n\t\t<\/section>\n\t\t\t\t<section class=\"elementor-section elementor-inner-section elementor-element elementor-element-30dacf34 elementor-section-boxed elementor-section-height-default elementor-section-height-default\" data-id=\"30dacf34\" data-element_type=\"section\" data-e-type=\"section\">\n\t\t\t\t\t\t<div class=\"elementor-container elementor-column-gap-no\">\n\t\t\t\t\t<div class=\"elementor-column elementor-col-50 elementor-inner-column elementor-element elementor-element-7a1fd332\" data-id=\"7a1fd332\" data-element_type=\"column\" data-e-type=\"column\">\n\t\t\t<div class=\"elementor-widget-wrap elementor-element-populated\">\n\t\t\t\t\t\t<div class=\"elementor-element elementor-element-4bac8c98 pt-animation-medium-offset elementor-invisible elementor-widget elementor-widget-image\" data-id=\"4bac8c98\" data-element_type=\"widget\" data-e-type=\"widget\" data-settings=\"{&quot;_animation&quot;:&quot;fadeInUp&quot;,&quot;_animation_delay&quot;:200}\" data-widget_type=\"image.default\">\n\t\t\t\t<div class=\"elementor-widget-container\">\n\t\t\t\t\t\t\t\t\t\t\t\t\t\t\t<img decoding=\"async\" src=\"https:\/\/terrazaeljardindelabuelo.es\/wp-content\/uploads\/2022\/05\/Experiencia-Gastrono\u0301mica-y-Quienes-Somos-Terraza-El-Jardi\u0301n-del-Abuelo.jpg\" title=\"Experiencia Gastrono\u0301mica y Quienes Somos Terraza El Jardi\u0301n del Abuelo\" alt=\"Experiencia Gastrono\u0301mica y Quienes Somos Terraza El Jardi\u0301n del Abuelo\" loading=\"lazy\" \/>\t\t\t\t\t\t\t\t\t\t\t\t\t\t\t<\/div>\n\t\t\t\t<\/div>\n\t\t\t\t\t<\/div>\n\t\t<\/div>\n\t\t\t\t<div class=\"elementor-column elementor-col-50 elementor-inner-column elementor-element elementor-element-7914c893\" data-id=\"7914c893\" data-element_type=\"column\" data-e-type=\"column\">\n\t\t\t<div class=\"elementor-widget-wrap elementor-element-populated\">\n\t\t\t\t\t\t<div class=\"elementor-element elementor-element-1b86fc19 elementor-widget__width-auto elementor-absolute elementor-hidden-mobile pt-animation-medium-offset elementor-invisible elementor-widget elementor-widget-image\" data-id=\"1b86fc19\" data-element_type=\"widget\" data-e-type=\"widget\" data-settings=\"{&quot;_position&quot;:&quot;absolute&quot;,&quot;_animation&quot;:&quot;fadeInUp&quot;,&quot;_animation_delay&quot;:100}\" data-widget_type=\"image.default\">\n\t\t\t\t<div class=\"elementor-widget-container\">\n\t\t\t\t\t\t\t\t\t\t\t\t\t\t\t<img decoding=\"async\" src=\"https:\/\/terrazaeljardindelabuelo.es\/wp-content\/uploads\/2022\/05\/Experiencia-Gastronomica-y-Quienes-Somos-Terraza-El-Jardi\u0301n-del-Abuelo-2.jpg\" title=\"Experiencia Gastronomica y Quienes Somos Terraza El Jardi\u0301n del Abuelo 2\" alt=\"Experiencia Gastronomica y Quienes Somos Terraza El Jardi\u0301n del Abuelo 2\" loading=\"lazy\" \/>\t\t\t\t\t\t\t\t\t\t\t\t\t\t\t<\/div>\n\t\t\t\t<\/div>\n\t\t\t\t\t<\/div>\n\t\t<\/div>\n\t\t\t\t\t<\/div>\n\t\t<\/section>\n\t\t\t\t\t<\/div>\n\t\t<\/div>\n\t\t\t\t\t<\/div>\n\t\t<\/section>\n\t\t\t\t<section class=\"elementor-section elementor-top-section elementor-element elementor-element-5943ade9 elementor-section-boxed elementor-section-height-default elementor-section-height-default\" data-id=\"5943ade9\" data-element_type=\"section\" data-e-type=\"section\" data-settings=\"{&quot;background_background&quot;:&quot;classic&quot;}\">\n\t\t\t\t\t\t<div class=\"elementor-container elementor-column-gap-no\">\n\t\t\t\t\t<div class=\"elementor-column elementor-col-33 elementor-top-column elementor-element elementor-element-78fe5efb pt-animation-medium-offset elementor-invisible\" data-id=\"78fe5efb\" data-element_type=\"column\" data-e-type=\"column\" data-settings=\"{&quot;animation&quot;:&quot;fadeInUp&quot;}\">\n\t\t\t<div class=\"elementor-widget-wrap elementor-element-populated\">\n\t\t\t\t\t\t<div class=\"elementor-element elementor-element-143b78b2 elementor-widget elementor-widget-pt_title\" data-id=\"143b78b2\" data-element_type=\"widget\" data-e-type=\"widget\" data-widget_type=\"pt_title.default\">\n\t\t\t\t<div class=\"elementor-widget-container\">\n\t\t\t\t\t\n        <div class=\"pt-title-wrap text-center\">\t            <div class=\"pt-subtitle-wrap\"><span class=\"pt-subtitle\">UN APERITIVO PARA COMENZAR<\/span><\/div>\t            <h6 class=\"pt-title\">\n\t                Entrantes\t            <\/h6>        <\/div>\t\t\t\t<\/div>\n\t\t\t\t<\/div>\n\t\t\t\t<div class=\"elementor-element elementor-element-10563e1b elementor-widget elementor-widget-pt_food_menu\" data-id=\"10563e1b\" data-element_type=\"widget\" data-e-type=\"widget\" data-widget_type=\"pt_food_menu.default\">\n\t\t\t\t<div class=\"elementor-widget-container\">\n\t\t\t\t\t            <div class=\"pt-food-menu food-menu-style-3\">                <div class=\"pt-food-menu-item\">                    <div class=\"pt-food-menu-main\">\n                        <div class=\"pt-food-menu-header\">                            <h6 class=\"pt-food-menu-title\">                                <span class=\"title-wrap\">Flor de Alcachofa con Foie<\/span>                            <\/h6>\n                            <div class=\"pt-food-menu-lines\"><\/div><span class=\"pt-food-menu-price\">18,75\u20ac<\/span>                        <\/div>                            <p class=\"pt-food-menu-details\">Grilled artichoke flower with foie.<\/p>                    <\/div>\n                <\/div>                <div class=\"pt-food-menu-item\">                    <div class=\"pt-food-menu-main\">\n                        <div class=\"pt-food-menu-header\">                            <h6 class=\"pt-food-menu-title\">                                <span class=\"title-wrap\">Foie de oca casero<\/span>                            <\/h6>\n                            <div class=\"pt-food-menu-lines\"><\/div><span class=\"pt-food-menu-price\">22,50\u20ac<\/span>                        <\/div>                            <p class=\"pt-food-menu-details\">Hommade goose foie.<\/p>                    <\/div>\n                <\/div>                <div class=\"pt-food-menu-item\">                    <div class=\"pt-food-menu-main\">\n                        <div class=\"pt-food-menu-header\">                            <h6 class=\"pt-food-menu-title\">                                <span class=\"title-wrap\">Jam\u00f3n Ib\u00e9rico de Jabugo<\/span>                            <\/h6>\n                            <div class=\"pt-food-menu-lines\"><\/div><span class=\"pt-food-menu-price\">24\u20ac<\/span>                        <\/div>                            <p class=\"pt-food-menu-details\">Jabugo Ham.<\/p>                    <\/div>\n                <\/div>                <div class=\"pt-food-menu-item\">                    <div class=\"pt-food-menu-main\">\n                        <div class=\"pt-food-menu-header\">                            <h6 class=\"pt-food-menu-title\">                                <span class=\"title-wrap\">Patatas del Abuelo con Trufa<\/span>                            <\/h6>\n                            <div class=\"pt-food-menu-lines\"><\/div><span class=\"pt-food-menu-price\">13,75\u20ac<\/span>                        <\/div>                            <p class=\"pt-food-menu-details\">Potatoes \"Abuelo\" Style with Truffle.<\/p>                    <\/div>\n                <\/div>            <\/div>\t\t\t\t<\/div>\n\t\t\t\t<\/div>\n\t\t\t\t\t<\/div>\n\t\t<\/div>\n\t\t\t\t<div class=\"elementor-column elementor-col-33 elementor-top-column elementor-element elementor-element-5a66c6f6 pt-animation-medium-offset elementor-invisible\" data-id=\"5a66c6f6\" data-element_type=\"column\" data-e-type=\"column\" data-settings=\"{&quot;animation&quot;:&quot;fadeInUp&quot;,&quot;animation_delay&quot;:200}\">\n\t\t\t<div class=\"elementor-widget-wrap elementor-element-populated\">\n\t\t\t\t\t\t<div class=\"elementor-element elementor-element-b608fdd elementor-widget elementor-widget-pt_title\" data-id=\"b608fdd\" data-element_type=\"widget\" data-e-type=\"widget\" data-widget_type=\"pt_title.default\">\n\t\t\t\t<div class=\"elementor-widget-container\">\n\t\t\t\t\t\n        <div class=\"pt-title-wrap text-center\">\t            <div class=\"pt-subtitle-wrap\"><span class=\"pt-subtitle\">Nuestros Destacados<\/span><\/div>\t            <h6 class=\"pt-title\">\n\t                Platos Principales\t            <\/h6>        <\/div>\t\t\t\t<\/div>\n\t\t\t\t<\/div>\n\t\t\t\t<div class=\"elementor-element elementor-element-1389be59 elementor-widget elementor-widget-pt_food_menu\" data-id=\"1389be59\" data-element_type=\"widget\" data-e-type=\"widget\" data-widget_type=\"pt_food_menu.default\">\n\t\t\t\t<div class=\"elementor-widget-container\">\n\t\t\t\t\t            <div class=\"pt-food-menu food-menu-style-3\">                <div class=\"pt-food-menu-item\">                    <div class=\"pt-food-menu-main\">\n                        <div class=\"pt-food-menu-header\">                            <h6 class=\"pt-food-menu-title\">                                <span class=\"title-wrap\">Arroz con Carabineros<\/span>                            <\/h6>\n                            <div class=\"pt-food-menu-lines\"><\/div><span class=\"pt-food-menu-price\">24,00\u20ac<\/span>                        <\/div>                            <p class=\"pt-food-menu-details\">Rice with Carabineros.<\/p>                    <\/div>\n                <\/div>                <div class=\"pt-food-menu-item\">                    <div class=\"pt-food-menu-main\">\n                        <div class=\"pt-food-menu-header\">                            <h6 class=\"pt-food-menu-title\">                                <span class=\"title-wrap\">Arroz con Rabo de Toro<\/span>                            <\/h6>\n                            <div class=\"pt-food-menu-lines\"><\/div><span class=\"pt-food-menu-price\">18\u20ac<\/span>                        <\/div>                            <p class=\"pt-food-menu-details\">Rice with Oxtail.<\/p>                    <\/div>\n                <\/div>                <div class=\"pt-food-menu-item\">                    <div class=\"pt-food-menu-main\">\n                        <div class=\"pt-food-menu-header\">                            <h6 class=\"pt-food-menu-title\">                                <span class=\"title-wrap\">Cogote de Merluza<\/span>                            <\/h6>\n                            <div class=\"pt-food-menu-lines\"><\/div><span class=\"pt-food-menu-price\">24,75\u20ac<\/span>                        <\/div>                            <p class=\"pt-food-menu-details\">Hake Nape.<\/p>                    <\/div>\n                <\/div>                <div class=\"pt-food-menu-item\">                    <div class=\"pt-food-menu-main\">\n                        <div class=\"pt-food-menu-header\">                            <h6 class=\"pt-food-menu-title\">                                <span class=\"title-wrap\">Chulet\u00f3n de Vaca Vieja.<\/span>                            <\/h6>\n                            <div class=\"pt-food-menu-lines\"><\/div><span class=\"pt-food-menu-price\">65,00\u20ac<\/span>                        <\/div>                            <p class=\"pt-food-menu-details\">T-bone Steak - 2 persons.<\/p>                    <\/div>\n                <\/div>            <\/div>\t\t\t\t<\/div>\n\t\t\t\t<\/div>\n\t\t\t\t\t<\/div>\n\t\t<\/div>\n\t\t\t\t<div class=\"elementor-column elementor-col-33 elementor-top-column elementor-element elementor-element-5e19eaf6 pt-animation-medium-offset elementor-invisible\" data-id=\"5e19eaf6\" data-element_type=\"column\" data-e-type=\"column\" data-settings=\"{&quot;animation&quot;:&quot;fadeInUp&quot;,&quot;animation_delay&quot;:400}\">\n\t\t\t<div class=\"elementor-widget-wrap elementor-element-populated\">\n\t\t\t\t\t\t<div class=\"elementor-element elementor-element-7dd0a715 elementor-widget elementor-widget-pt_title\" data-id=\"7dd0a715\" data-element_type=\"widget\" data-e-type=\"widget\" data-widget_type=\"pt_title.default\">\n\t\t\t\t<div class=\"elementor-widget-container\">\n\t\t\t\t\t\n        <div class=\"pt-title-wrap text-center\">\t            <div class=\"pt-subtitle-wrap\"><span class=\"pt-subtitle\">Bebidas & Vinos<\/span><\/div>\t            <h6 class=\"pt-title\">\n\t                Bebidas\t            <\/h6>        <\/div>\t\t\t\t<\/div>\n\t\t\t\t<\/div>\n\t\t\t\t<div class=\"elementor-element elementor-element-25be38d elementor-widget elementor-widget-pt_food_menu\" data-id=\"25be38d\" data-element_type=\"widget\" data-e-type=\"widget\" data-widget_type=\"pt_food_menu.default\">\n\t\t\t\t<div class=\"elementor-widget-container\">\n\t\t\t\t\t            <div class=\"pt-food-menu food-menu-style-3\">                <div class=\"pt-food-menu-item\">                    <div class=\"pt-food-menu-main\">\n                        <div class=\"pt-food-menu-header\">                            <h6 class=\"pt-food-menu-title\">                                <span class=\"title-wrap\">Mo\u00ebt & Chandon<\/span>                            <\/h6>\n                            <div class=\"pt-food-menu-lines\"><\/div><span class=\"pt-food-menu-price\">75,00<\/span>                        <\/div>                            <p class=\"pt-food-menu-details\">Mo\u00ebt & Chandon.<\/p>                    <\/div>\n                <\/div>                <div class=\"pt-food-menu-item\">                    <div class=\"pt-food-menu-main\">\n                        <div class=\"pt-food-menu-header\">                            <h6 class=\"pt-food-menu-title\">                                <span class=\"title-wrap\">Se\u00f1or\u00edo de Laz\u00e1n Crianza<\/span>                            <\/h6>\n                            <div class=\"pt-food-menu-lines\"><\/div><span class=\"pt-food-menu-price\">36\u20ac<\/span>                        <\/div>                            <p class=\"pt-food-menu-details\">Somontano Magnum.<\/p>                    <\/div>\n                <\/div>                <div class=\"pt-food-menu-item\">                    <div class=\"pt-food-menu-main\">\n                        <div class=\"pt-food-menu-header\">                            <h6 class=\"pt-food-menu-title\">                                <span class=\"title-wrap\">Mar de Frades<\/span>                            <\/h6>\n                            <div class=\"pt-food-menu-lines\"><\/div><span class=\"pt-food-menu-price\">30,00\u20ac<\/span>                        <\/div>                            <p class=\"pt-food-menu-details\">Mar de Frades<\/p>                    <\/div>\n                <\/div>                <div class=\"pt-food-menu-item\">                    <div class=\"pt-food-menu-main\">\n                        <div class=\"pt-food-menu-header\">                            <h6 class=\"pt-food-menu-title\">                                <span class=\"title-wrap\">Campanas<\/span>                            <\/h6>\n                            <div class=\"pt-food-menu-lines\"><\/div><span class=\"pt-food-menu-price\">13\u20ac<\/span>                        <\/div>                            <p class=\"pt-food-menu-details\">Campanas<\/p>                    <\/div>\n                <\/div>            <\/div>\t\t\t\t<\/div>\n\t\t\t\t<\/div>\n\t\t\t\t\t<\/div>\n\t\t<\/div>\n\t\t\t\t\t<\/div>\n\t\t<\/section>\n\t\t\t\t<section class=\"elementor-section elementor-top-section elementor-element elementor-element-8fb55b8 elementor-section-boxed elementor-section-height-default elementor-section-height-default\" data-id=\"8fb55b8\" data-element_type=\"section\" data-e-type=\"section\">\n\t\t\t\t\t\t<div class=\"elementor-container elementor-column-gap-no\">\n\t\t\t\t\t<div class=\"elementor-column elementor-col-100 elementor-top-column elementor-element elementor-element-7e666c61 elementor-invisible\" data-id=\"7e666c61\" data-element_type=\"column\" data-e-type=\"column\" data-settings=\"{&quot;animation&quot;:&quot;fadeIn&quot;,&quot;animation_delay&quot;:500}\">\n\t\t\t<div class=\"elementor-widget-wrap elementor-element-populated\">\n\t\t\t\t\t\t<div class=\"elementor-element elementor-element-7bd4a3f3 elementor-widget__width-auto elementor-widget elementor-widget-pt_button\" data-id=\"7bd4a3f3\" data-element_type=\"widget\" data-e-type=\"widget\" data-widget_type=\"pt_button.default\">\n\t\t\t\t<div class=\"elementor-widget-container\">\n\t\t\t\t\t        <a href=\"https:\/\/terrazaeljardindelabuelo.es\/index.php\/nuestra-carta\/\" class=\"elementor-button-link button pt-btn-outline\" role=\"button\">\n            <span class=\"pt-btn-text\">Ver Carta<\/span>\n        <\/a>\t\t\t\t<\/div>\n\t\t\t\t<\/div>\n\t\t\t\t<div class=\"elementor-element elementor-element-745b5096 elementor-widget__width-auto elementor-widget elementor-widget-pt_button\" data-id=\"745b5096\" data-element_type=\"widget\" data-e-type=\"widget\" data-widget_type=\"pt_button.default\">\n\t\t\t\t<div class=\"elementor-widget-container\">\n\t\t\t\t\t        <a href=\"http:\/\/terrazaeljardindelabuelo.es\/#reservar-mesa\" class=\"elementor-button-link button pt-btn-outline\" role=\"button\">\n            <span class=\"pt-btn-text\">Reservar Mesa<\/span>\n        <\/a>\t\t\t\t<\/div>\n\t\t\t\t<\/div>\n\t\t\t\t\t<\/div>\n\t\t<\/div>\n\t\t\t\t\t<\/div>\n\t\t<\/section>\n\t\t\t\t<section class=\"elementor-section elementor-top-section elementor-element elementor-element-12f23c39 elementor-section-full_width elementor-section-height-default elementor-section-height-default\" data-id=\"12f23c39\" data-element_type=\"section\" data-e-type=\"section\" data-settings=\"{&quot;background_background&quot;:&quot;classic&quot;}\">\n\t\t\t\t\t\t<div class=\"elementor-container elementor-column-gap-no\">\n\t\t\t\t\t<div class=\"elementor-column elementor-col-50 elementor-top-column elementor-element elementor-element-6ab79177\" data-id=\"6ab79177\" data-element_type=\"column\" data-e-type=\"column\">\n\t\t\t<div class=\"elementor-widget-wrap elementor-element-populated\">\n\t\t\t\t\t\t<div class=\"elementor-element elementor-element-3895e76c elementor-widget elementor-widget-pt_call_to_action\" data-id=\"3895e76c\" data-element_type=\"widget\" data-e-type=\"widget\" data-settings=\"{&quot;overlay_background&quot;:&quot;gradient&quot;}\" data-widget_type=\"pt_call_to_action.default\">\n\t\t\t\t<div class=\"elementor-widget-container\">\n\t\t\t\t\t\n\t\t<div class=\"pt-cta cta-layout-text-overlap content-bottom text-left cta-hover-img-zoom dark-color\">\n            <div class=\"pt-cta-wrap\">\t                <div class=\"pt-cta-img\">\n\t                    <img fetchpriority=\"high\" decoding=\"async\" width=\"1532\" height=\"1532\" src=\"https:\/\/terrazaeljardindelabuelo.es\/wp-content\/uploads\/2022\/05\/Menu\u0301-de-Grupos-Terraza-El-Jardi\u0301n-del-Abuelo.jpg\" class=\"attachment-full size-full wp-image-6576\" alt=\"\" srcset=\"https:\/\/terrazaeljardindelabuelo.es\/wp-content\/uploads\/2022\/05\/Menu\u0301-de-Grupos-Terraza-El-Jardi\u0301n-del-Abuelo.jpg 1532w, https:\/\/terrazaeljardindelabuelo.es\/wp-content\/uploads\/2022\/05\/Menu\u0301-de-Grupos-Terraza-El-Jardi\u0301n-del-Abuelo-300x300.jpg 300w, https:\/\/terrazaeljardindelabuelo.es\/wp-content\/uploads\/2022\/05\/Menu\u0301-de-Grupos-Terraza-El-Jardi\u0301n-del-Abuelo-1024x1024.jpg 1024w, https:\/\/terrazaeljardindelabuelo.es\/wp-content\/uploads\/2022\/05\/Menu\u0301-de-Grupos-Terraza-El-Jardi\u0301n-del-Abuelo-150x150.jpg 150w, https:\/\/terrazaeljardindelabuelo.es\/wp-content\/uploads\/2022\/05\/Menu\u0301-de-Grupos-Terraza-El-Jardi\u0301n-del-Abuelo-768x768.jpg 768w, https:\/\/terrazaeljardindelabuelo.es\/wp-content\/uploads\/2022\/05\/Menu\u0301-de-Grupos-Terraza-El-Jardi\u0301n-del-Abuelo-1440x1440.jpg 1440w, https:\/\/terrazaeljardindelabuelo.es\/wp-content\/uploads\/2022\/05\/Menu\u0301-de-Grupos-Terraza-El-Jardi\u0301n-del-Abuelo-1200x1200.jpg 1200w, https:\/\/terrazaeljardindelabuelo.es\/wp-content\/uploads\/2022\/05\/Menu\u0301-de-Grupos-Terraza-El-Jardi\u0301n-del-Abuelo-780x780.jpg 780w, https:\/\/terrazaeljardindelabuelo.es\/wp-content\/uploads\/2022\/05\/Menu\u0301-de-Grupos-Terraza-El-Jardi\u0301n-del-Abuelo-600x600.jpg 600w, https:\/\/terrazaeljardindelabuelo.es\/wp-content\/uploads\/2022\/05\/Menu\u0301-de-Grupos-Terraza-El-Jardi\u0301n-del-Abuelo-550x550.jpg 550w, https:\/\/terrazaeljardindelabuelo.es\/wp-content\/uploads\/2022\/05\/Menu\u0301-de-Grupos-Terraza-El-Jardi\u0301n-del-Abuelo-370x370.jpg 370w, https:\/\/terrazaeljardindelabuelo.es\/wp-content\/uploads\/2022\/05\/Menu\u0301-de-Grupos-Terraza-El-Jardi\u0301n-del-Abuelo-255x255.jpg 255w\" sizes=\"(max-width: 1532px) 100vw, 1532px\" \/>\t                <\/div>                <div class=\"pt-cta-overlay\"><\/div>\n\n                <div class=\"pt-cta-content\">\t\t\t\t\t<div class=\"pt-subtitle-wrap\"><span class=\"pt-subtitle color-white\">Recomendaciones<\/span><\/div>\t\t            <h5 class=\"pt-cta-title pt-title\">\n\t\t                Men\u00fas de Grupos\t\t            <\/h5>\t                <div class=\"pt-cta-btn\">\n\t                    <a class=\"button pt-btn-underline\" role=\"button\" href=\"https:\/\/terrazaeljardindelabuelo.es\/index.php\/menu-especial-1\/\" target=\"_blank\">\n\t                        <span class=\"pt-btn-text\">Men\u00fa Especial 1<\/span>\n\t                    <\/a>\n\t                <\/div>\t\t\t<\/div>                <a class=\"pt-cta-link\" href=\"#\"><\/a>            <\/div>\n        <\/div>\t\t\t\t<\/div>\n\t\t\t\t<\/div>\n\t\t\t\t\t<\/div>\n\t\t<\/div>\n\t\t\t\t<div class=\"elementor-column elementor-col-25 elementor-top-column elementor-element elementor-element-73cb6162 dark-color\" data-id=\"73cb6162\" data-element_type=\"column\" data-e-type=\"column\">\n\t\t\t<div class=\"elementor-widget-wrap elementor-element-populated\">\n\t\t\t\t\t\t<section class=\"elementor-section elementor-inner-section elementor-element elementor-element-5bc5e355 elementor-section-boxed elementor-section-height-default elementor-section-height-default\" data-id=\"5bc5e355\" data-element_type=\"section\" data-e-type=\"section\">\n\t\t\t\t\t\t<div class=\"elementor-container elementor-column-gap-no\">\n\t\t\t\t\t<div class=\"elementor-column elementor-col-50 elementor-inner-column elementor-element elementor-element-6e98cf99\" data-id=\"6e98cf99\" data-element_type=\"column\" data-e-type=\"column\">\n\t\t\t<div class=\"elementor-widget-wrap elementor-element-populated\">\n\t\t\t\t\t\t<div class=\"elementor-element elementor-element-20fd453c elementor-widget elementor-widget-pt_call_to_action\" data-id=\"20fd453c\" data-element_type=\"widget\" data-e-type=\"widget\" data-settings=\"{&quot;overlay_background&quot;:&quot;classic&quot;}\" data-widget_type=\"pt_call_to_action.default\">\n\t\t\t\t<div class=\"elementor-widget-container\">\n\t\t\t\t\t\n\t\t<div class=\"pt-cta cta-layout-text-overlap content-bottom text-left cta-hover-img-zoom dark-color\">\n            <div class=\"pt-cta-wrap\">\t                <div class=\"pt-cta-img\">\n\t                    <img decoding=\"async\" width=\"768\" height=\"768\" src=\"https:\/\/terrazaeljardindelabuelo.es\/wp-content\/uploads\/2022\/05\/Carta-Terraza-El-Jardi\u0301n-del-Abuelo.jpg\" class=\"attachment-full size-full wp-image-6574\" alt=\"\" srcset=\"https:\/\/terrazaeljardindelabuelo.es\/wp-content\/uploads\/2022\/05\/Carta-Terraza-El-Jardi\u0301n-del-Abuelo.jpg 768w, https:\/\/terrazaeljardindelabuelo.es\/wp-content\/uploads\/2022\/05\/Carta-Terraza-El-Jardi\u0301n-del-Abuelo-300x300.jpg 300w, https:\/\/terrazaeljardindelabuelo.es\/wp-content\/uploads\/2022\/05\/Carta-Terraza-El-Jardi\u0301n-del-Abuelo-150x150.jpg 150w, https:\/\/terrazaeljardindelabuelo.es\/wp-content\/uploads\/2022\/05\/Carta-Terraza-El-Jardi\u0301n-del-Abuelo-600x600.jpg 600w, https:\/\/terrazaeljardindelabuelo.es\/wp-content\/uploads\/2022\/05\/Carta-Terraza-El-Jardi\u0301n-del-Abuelo-550x550.jpg 550w, https:\/\/terrazaeljardindelabuelo.es\/wp-content\/uploads\/2022\/05\/Carta-Terraza-El-Jardi\u0301n-del-Abuelo-370x370.jpg 370w, https:\/\/terrazaeljardindelabuelo.es\/wp-content\/uploads\/2022\/05\/Carta-Terraza-El-Jardi\u0301n-del-Abuelo-255x255.jpg 255w\" sizes=\"(max-width: 768px) 100vw, 768px\" \/>\t                <\/div>                <div class=\"pt-cta-overlay\"><\/div>\n\n                <div class=\"pt-cta-content\">\t\t\t<\/div>                <a class=\"pt-cta-link\" href=\"#\"><\/a>            <\/div>\n        <\/div>\t\t\t\t<\/div>\n\t\t\t\t<\/div>\n\t\t\t\t\t<\/div>\n\t\t<\/div>\n\t\t\t\t<div class=\"elementor-column elementor-col-50 elementor-inner-column elementor-element elementor-element-1cc21760\" data-id=\"1cc21760\" data-element_type=\"column\" data-e-type=\"column\" data-settings=\"{&quot;background_background&quot;:&quot;classic&quot;}\">\n\t\t\t<div class=\"elementor-widget-wrap elementor-element-populated\">\n\t\t\t\t\t\t<div class=\"elementor-element elementor-element-158b48c9 elementor-widget elementor-widget-pt_title\" data-id=\"158b48c9\" data-element_type=\"widget\" data-e-type=\"widget\" data-widget_type=\"pt_title.default\">\n\t\t\t\t<div class=\"elementor-widget-container\">\n\t\t\t\t\t\n        <div class=\"pt-title-wrap text-center\">\t            <div class=\"pt-subtitle-wrap\"><span class=\"pt-subtitle\">Para deleitarte<\/span><\/div>\t            <h6 class=\"pt-title\">\n\t                VER <br>Carta\t            <\/h6>                <div class=\"pt-title-btn\">\n                    <a class=\"button elementor-button-link pt-btn-underline\" role=\"button\" href=\"https:\/\/terrazaeljardindelabuelo.es\/index.php\/nuestra-carta\/\">\n                        <span class=\"pt-btn-text\">Ir a la carta<\/span>\n                    <\/a>\n                <\/div>\n                    <\/div>\t\t\t\t<\/div>\n\t\t\t\t<\/div>\n\t\t\t\t\t<\/div>\n\t\t<\/div>\n\t\t\t\t\t<\/div>\n\t\t<\/section>\n\t\t\t\t<section class=\"elementor-section elementor-inner-section elementor-element elementor-element-31606297 elementor-reverse-mobile elementor-section-boxed elementor-section-height-default elementor-section-height-default\" data-id=\"31606297\" data-element_type=\"section\" data-e-type=\"section\">\n\t\t\t\t\t\t<div class=\"elementor-container elementor-column-gap-no\">\n\t\t\t\t\t<div class=\"elementor-column elementor-col-50 elementor-inner-column elementor-element elementor-element-5186bbf9\" data-id=\"5186bbf9\" data-element_type=\"column\" data-e-type=\"column\" data-settings=\"{&quot;background_background&quot;:&quot;classic&quot;}\">\n\t\t\t<div class=\"elementor-widget-wrap elementor-element-populated\">\n\t\t\t\t\t\t<div class=\"elementor-element elementor-element-7e2ed85f elementor-widget elementor-widget-pt_title\" data-id=\"7e2ed85f\" data-element_type=\"widget\" data-e-type=\"widget\" data-widget_type=\"pt_title.default\">\n\t\t\t\t<div class=\"elementor-widget-container\">\n\t\t\t\t\t\n        <div class=\"pt-title-wrap text-center\">\t            <div class=\"pt-subtitle-wrap\"><span class=\"pt-subtitle\">BLOG<\/span><\/div>\t            <h6 class=\"pt-title\">\n\t                Nuestras <br> noticias\t            <\/h6>                <div class=\"pt-title-btn\">\n                    <a class=\"button elementor-button-link pt-btn-underline\" role=\"button\" href=\"https:\/\/terrazaeljardindelabuelo.es\/index.php\/blog\/\" target=\"_blank\">\n                        <span class=\"pt-btn-text\">Leer M\u00e1s<\/span>\n                    <\/a>\n                <\/div>\n                    <\/div>\t\t\t\t<\/div>\n\t\t\t\t<\/div>\n\t\t\t\t\t<\/div>\n\t\t<\/div>\n\t\t\t\t<div class=\"elementor-column elementor-col-50 elementor-inner-column elementor-element elementor-element-cff672e\" data-id=\"cff672e\" data-element_type=\"column\" data-e-type=\"column\">\n\t\t\t<div class=\"elementor-widget-wrap elementor-element-populated\">\n\t\t\t\t\t\t<div class=\"elementor-element elementor-element-4339d3f0 elementor-widget elementor-widget-pt_call_to_action\" data-id=\"4339d3f0\" data-element_type=\"widget\" data-e-type=\"widget\" data-settings=\"{&quot;overlay_background&quot;:&quot;classic&quot;}\" data-widget_type=\"pt_call_to_action.default\">\n\t\t\t\t<div class=\"elementor-widget-container\">\n\t\t\t\t\t\n\t\t<div class=\"pt-cta cta-layout-text-overlap content-bottom text-left cta-hover-img-zoom dark-color\">\n            <div class=\"pt-cta-wrap\">\t                <div class=\"pt-cta-img\">\n\t                    <img decoding=\"async\" width=\"768\" height=\"768\" src=\"https:\/\/terrazaeljardindelabuelo.es\/wp-content\/uploads\/2022\/05\/Zona-Blog-Banner-Terraza-El-Jardi\u0301n-del-Abuelo.jpg\" class=\"attachment-full size-full wp-image-6570\" alt=\"\" srcset=\"https:\/\/terrazaeljardindelabuelo.es\/wp-content\/uploads\/2022\/05\/Zona-Blog-Banner-Terraza-El-Jardi\u0301n-del-Abuelo.jpg 768w, https:\/\/terrazaeljardindelabuelo.es\/wp-content\/uploads\/2022\/05\/Zona-Blog-Banner-Terraza-El-Jardi\u0301n-del-Abuelo-300x300.jpg 300w, https:\/\/terrazaeljardindelabuelo.es\/wp-content\/uploads\/2022\/05\/Zona-Blog-Banner-Terraza-El-Jardi\u0301n-del-Abuelo-150x150.jpg 150w, https:\/\/terrazaeljardindelabuelo.es\/wp-content\/uploads\/2022\/05\/Zona-Blog-Banner-Terraza-El-Jardi\u0301n-del-Abuelo-600x600.jpg 600w, https:\/\/terrazaeljardindelabuelo.es\/wp-content\/uploads\/2022\/05\/Zona-Blog-Banner-Terraza-El-Jardi\u0301n-del-Abuelo-550x550.jpg 550w, https:\/\/terrazaeljardindelabuelo.es\/wp-content\/uploads\/2022\/05\/Zona-Blog-Banner-Terraza-El-Jardi\u0301n-del-Abuelo-370x370.jpg 370w, https:\/\/terrazaeljardindelabuelo.es\/wp-content\/uploads\/2022\/05\/Zona-Blog-Banner-Terraza-El-Jardi\u0301n-del-Abuelo-255x255.jpg 255w\" sizes=\"(max-width: 768px) 100vw, 768px\" \/>\t                <\/div>                <div class=\"pt-cta-overlay\"><\/div>\n\n                <div class=\"pt-cta-content\">\t\t\t<\/div>                <a class=\"pt-cta-link\" href=\"#\"><\/a>            <\/div>\n        <\/div>\t\t\t\t<\/div>\n\t\t\t\t<\/div>\n\t\t\t\t\t<\/div>\n\t\t<\/div>\n\t\t\t\t\t<\/div>\n\t\t<\/section>\n\t\t\t\t\t<\/div>\n\t\t<\/div>\n\t\t\t\t<div class=\"elementor-column elementor-col-25 elementor-top-column elementor-element elementor-element-5bd89d7b\" data-id=\"5bd89d7b\" data-element_type=\"column\" data-e-type=\"column\">\n\t\t\t<div class=\"elementor-widget-wrap elementor-element-populated\">\n\t\t\t\t\t\t<div class=\"elementor-element elementor-element-6f0662f9 elementor-hidden-tablet elementor-hidden-mobile elementor-widget elementor-widget-pt_call_to_action\" data-id=\"6f0662f9\" data-element_type=\"widget\" data-e-type=\"widget\" data-settings=\"{&quot;overlay_background&quot;:&quot;gradient&quot;}\" data-widget_type=\"pt_call_to_action.default\">\n\t\t\t\t<div class=\"elementor-widget-container\">\n\t\t\t\t\t\n\t\t<div class=\"pt-cta cta-layout-text-overlap content-bottom text-right cta-hover-img-zoom dark-color\">\n            <div class=\"pt-cta-wrap\">\t                <div class=\"pt-cta-img\">\n\t                    <img loading=\"lazy\" decoding=\"async\" width=\"768\" height=\"1532\" src=\"https:\/\/terrazaeljardindelabuelo.es\/wp-content\/uploads\/2022\/04\/cta-bg-6-2.jpg\" class=\"attachment-full size-full wp-image-6176\" alt=\"\" srcset=\"https:\/\/terrazaeljardindelabuelo.es\/wp-content\/uploads\/2022\/04\/cta-bg-6-2.jpg 768w, https:\/\/terrazaeljardindelabuelo.es\/wp-content\/uploads\/2022\/04\/cta-bg-6-2-150x300.jpg 150w, https:\/\/terrazaeljardindelabuelo.es\/wp-content\/uploads\/2022\/04\/cta-bg-6-2-513x1024.jpg 513w, https:\/\/terrazaeljardindelabuelo.es\/wp-content\/uploads\/2022\/04\/cta-bg-6-2-600x1197.jpg 600w, https:\/\/terrazaeljardindelabuelo.es\/wp-content\/uploads\/2022\/04\/cta-bg-6-2-550x1097.jpg 550w, https:\/\/terrazaeljardindelabuelo.es\/wp-content\/uploads\/2022\/04\/cta-bg-6-2-370x738.jpg 370w, https:\/\/terrazaeljardindelabuelo.es\/wp-content\/uploads\/2022\/04\/cta-bg-6-2-255x509.jpg 255w, https:\/\/terrazaeljardindelabuelo.es\/wp-content\/uploads\/2022\/04\/cta-bg-6-2-75x150.jpg 75w\" sizes=\"(max-width: 768px) 100vw, 768px\" \/>\t                <\/div>                <div class=\"pt-cta-overlay\"><\/div>\n\n                <div class=\"pt-cta-content\">\t\t\t\t\t<div class=\"pt-subtitle-wrap\"><span class=\"pt-subtitle color-white\">NUESTROS VINOS<\/span><\/div>\t\t            <h6 class=\"pt-cta-title pt-title\">\n\t\t                \u00bfUna copa de vino?\t\t            <\/h6>\t                <div class=\"pt-cta-btn\">\n\t                    <a class=\"button pt-btn-underline\" role=\"button\" href=\"https:\/\/terrazaeljardindelabuelo.es\/index.php\/seleccion-de-vinos\/\" target=\"_blank\">\n\t                        <span class=\"pt-btn-text\">IR A VINOS<\/span>\n\t                    <\/a>\n\t                <\/div>\t\t\t<\/div>            <\/div>\n        <\/div>\t\t\t\t<\/div>\n\t\t\t\t<\/div>\n\t\t\t\t\t<\/div>\n\t\t<\/div>\n\t\t\t\t\t<\/div>\n\t\t<\/section>\n\t\t\t\t<section class=\"elementor-section elementor-top-section elementor-element elementor-element-d2744c6 elementor-section-boxed elementor-section-height-default elementor-section-height-default\" data-id=\"d2744c6\" data-element_type=\"section\" data-e-type=\"section\" data-settings=\"{&quot;background_background&quot;:&quot;classic&quot;}\">\n\t\t\t\t\t\t<div class=\"elementor-container elementor-column-gap-no\">\n\t\t\t\t\t<div class=\"elementor-column elementor-col-50 elementor-top-column elementor-element elementor-element-3017bbc7\" data-id=\"3017bbc7\" data-element_type=\"column\" data-e-type=\"column\">\n\t\t\t<div class=\"elementor-widget-wrap elementor-element-populated\">\n\t\t\t\t\t\t<section class=\"elementor-section elementor-inner-section elementor-element elementor-element-c54342d elementor-section-boxed elementor-section-height-default elementor-section-height-default\" data-id=\"c54342d\" data-element_type=\"section\" data-e-type=\"section\">\n\t\t\t\t\t\t<div class=\"elementor-container elementor-column-gap-no\">\n\t\t\t\t\t<div class=\"elementor-column elementor-col-50 elementor-inner-column elementor-element elementor-element-3a328180\" data-id=\"3a328180\" data-element_type=\"column\" data-e-type=\"column\" data-settings=\"{&quot;background_background&quot;:&quot;classic&quot;}\">\n\t\t\t<div class=\"elementor-widget-wrap elementor-element-populated\">\n\t\t\t\t\t\t<div class=\"elementor-element elementor-element-4b759d48 pt-animation-medium-offset elementor-invisible elementor-widget elementor-widget-image\" data-id=\"4b759d48\" data-element_type=\"widget\" data-e-type=\"widget\" data-settings=\"{&quot;_animation&quot;:&quot;fadeInUp&quot;,&quot;_animation_delay&quot;:300}\" data-widget_type=\"image.default\">\n\t\t\t\t<div class=\"elementor-widget-container\">\n\t\t\t\t\t\t\t\t\t\t\t\t\t\t\t<img decoding=\"async\" src=\"https:\/\/terrazaeljardindelabuelo.es\/wp-content\/uploads\/2022\/05\/Experiencia-Gastronomica-2-Terraza-El-Jardi\u0301n-del-Abuelo.jpg\" title=\"Experiencia Gastronomica 2 Terraza El Jardi\u0301n del Abuelo\" alt=\"Experiencia Gastronomica 2 Terraza El Jardi\u0301n del Abuelo\" loading=\"lazy\" \/>\t\t\t\t\t\t\t\t\t\t\t\t\t\t\t<\/div>\n\t\t\t\t<\/div>\n\t\t\t\t\t<\/div>\n\t\t<\/div>\n\t\t\t\t<div class=\"elementor-column elementor-col-50 elementor-inner-column elementor-element elementor-element-6f374d59\" data-id=\"6f374d59\" data-element_type=\"column\" data-e-type=\"column\">\n\t\t\t<div class=\"elementor-widget-wrap elementor-element-populated\">\n\t\t\t\t\t\t<div class=\"elementor-element elementor-element-5c65ee3d pt-animation-medium-offset elementor-invisible elementor-widget elementor-widget-image\" data-id=\"5c65ee3d\" data-element_type=\"widget\" data-e-type=\"widget\" data-settings=\"{&quot;_animation&quot;:&quot;fadeInUp&quot;,&quot;_animation_delay&quot;:100}\" data-widget_type=\"image.default\">\n\t\t\t\t<div class=\"elementor-widget-container\">\n\t\t\t\t\t\t\t\t\t\t\t\t\t\t\t<img decoding=\"async\" src=\"https:\/\/terrazaeljardindelabuelo.es\/wp-content\/uploads\/2022\/05\/Experiencia-Gastronomica-Terraza-El-Jardin-del-Abuelo.jpg\" title=\"Experiencia Gastronomica Terraza El Jardin del Abuelo\" alt=\"Experiencia Gastronomica Terraza El Jardin del Abuelo\" loading=\"lazy\" \/>\t\t\t\t\t\t\t\t\t\t\t\t\t\t\t<\/div>\n\t\t\t\t<\/div>\n\t\t\t\t<div class=\"elementor-element elementor-element-1519e2fd elementor-hidden-mobile elementor-widget elementor-widget-spacer\" data-id=\"1519e2fd\" data-element_type=\"widget\" data-e-type=\"widget\" data-widget_type=\"spacer.default\">\n\t\t\t\t<div class=\"elementor-widget-container\">\n\t\t\t\t\t\t\t<div class=\"elementor-spacer\">\n\t\t\t<div class=\"elementor-spacer-inner\"><\/div>\n\t\t<\/div>\n\t\t\t\t\t\t<\/div>\n\t\t\t\t<\/div>\n\t\t\t\t\t<\/div>\n\t\t<\/div>\n\t\t\t\t\t<\/div>\n\t\t<\/section>\n\t\t\t\t\t<\/div>\n\t\t<\/div>\n\t\t\t\t<div class=\"elementor-column elementor-col-50 elementor-top-column elementor-element elementor-element-7cf52fc0\" data-id=\"7cf52fc0\" data-element_type=\"column\" data-e-type=\"column\">\n\t\t\t<div class=\"elementor-widget-wrap elementor-element-populated\">\n\t\t\t\t\t\t<div class=\"elementor-element elementor-element-7f0a0086 elementor-widget elementor-widget-pt_title\" data-id=\"7f0a0086\" data-element_type=\"widget\" data-e-type=\"widget\" data-widget_type=\"pt_title.default\">\n\t\t\t\t<div class=\"elementor-widget-container\">\n\t\t\t\t\t\n        <div class=\"pt-title-wrap\">\t            <div class=\"pt-subtitle-wrap\"><span class=\"pt-subtitle style-bordered\">Experiencia & Calidad<\/span><\/div>\t            <h5 class=\"pt-title\">\n\t                Nuestra filosof\u00eda\t            <\/h5>\t            <div class=\"pt-title-text\">\n\t                <p>Simple pero \u00fanica, con sabor, exquisita, balanceada, como en casa, tradicional y a la vanguardia para ser tu lugar de referencia en Madrid.<\/p><p>Un oasis para viajar a trav\u00e9s de los sabores que nuestro equipo de cocina prepara d\u00eda a d\u00eda con productos de primer nivel.\u00a0<\/p><p>El Jard\u00edn del Abuelo, nuestra misi\u00f3n es ofrecer una experiencia \u00fanica en cada servicio trabajando cada detalle, cuidando y mimando a nuestro comensal durante su estancia en nuestra casa.<\/p>\t            <\/div>        <\/div>\t\t\t\t<\/div>\n\t\t\t\t<\/div>\n\t\t\t\t\t<\/div>\n\t\t<\/div>\n\t\t\t\t\t<\/div>\n\t\t<\/section>\n\t\t\t\t<section class=\"elementor-section elementor-top-section elementor-element elementor-element-2edc35fd elementor-reverse-tablet elementor-reverse-mobile elementor-section-boxed elementor-section-height-default elementor-section-height-default\" data-id=\"2edc35fd\" data-element_type=\"section\" data-e-type=\"section\" data-settings=\"{&quot;background_background&quot;:&quot;classic&quot;}\">\n\t\t\t\t\t\t<div class=\"elementor-container elementor-column-gap-no\">\n\t\t\t\t\t<div class=\"elementor-column elementor-col-50 elementor-top-column elementor-element elementor-element-2f8dc6e0\" data-id=\"2f8dc6e0\" data-element_type=\"column\" data-e-type=\"column\">\n\t\t\t<div class=\"elementor-widget-wrap elementor-element-populated\">\n\t\t\t\t\t\t<div class=\"elementor-element elementor-element-6e4c278e elementor-widget elementor-widget-pt_title\" data-id=\"6e4c278e\" data-element_type=\"widget\" data-e-type=\"widget\" data-widget_type=\"pt_title.default\">\n\t\t\t\t<div class=\"elementor-widget-container\">\n\t\t\t\t\t\n        <div class=\"pt-title-wrap text-right text-left-tablet\">\t            <div class=\"pt-subtitle-wrap\"><span class=\"pt-subtitle style-bordered\">\u00a1Le esperamos!<\/span><\/div>\t            <h5 class=\"pt-title\">\n\t                visite el jard\u00edn del abuelo\t            <\/h5>\t            <div class=\"pt-title-text\">\n\t                <p>Es el momento de disfrutar de nuestra cocina, seremos los anfitriones perfectos para llevarle a trav\u00e9s de la cocina mediterr\u00e1nea con una exquisita selecci\u00f3n de vinos.<br \/><br \/><strong>Direcci\u00f3n:<\/strong> Calle de Puerto Rico, 34, 28016 Madrid.<br \/><br \/><strong>Mail:<\/strong> eljardindelabuelo@gmail.com<br \/><br \/><strong>Tel\u00e9fono para Reservas:<\/strong> +34 647972635\u00a0<\/p>\t            <\/div>                <div class=\"pt-title-btn\">\n                    <a class=\"button elementor-button-link\" role=\"button\" href=\"https:\/\/www.google.com\/maps\/dir\/\/restaurante+el+jardin+del+abuelo\/data=!4m6!4m5!1m1!4e2!1m2!1m1!1s0xd4229b6f3f63faf:0x569587bac2cbbe00?sa=X&#038;ved=2ahUKEwjNvuOF-9H3AhU0olwKHcJjCZkQ9Rd6BAhnEAQ\" target=\"_blank\">\n                        <span class=\"pt-btn-text\">VER EN MAPA<\/span>\n                    <\/a>\n                <\/div>\n                    <\/div>\t\t\t\t<\/div>\n\t\t\t\t<\/div>\n\t\t\t\t\t<\/div>\n\t\t<\/div>\n\t\t\t\t<div class=\"elementor-column elementor-col-50 elementor-top-column elementor-element elementor-element-3c46b4b\" data-id=\"3c46b4b\" data-element_type=\"column\" data-e-type=\"column\">\n\t\t\t<div class=\"elementor-widget-wrap elementor-element-populated\">\n\t\t\t\t\t\t<div class=\"elementor-element elementor-element-47defce3 pt-animation-medium-offset elementor-invisible elementor-widget elementor-widget-pt_gallery\" data-id=\"47defce3\" data-element_type=\"widget\" data-e-type=\"widget\" data-settings=\"{&quot;_animation&quot;:&quot;fadeInUp&quot;,&quot;_animation_delay&quot;:300}\" data-widget_type=\"pt_gallery.default\">\n\t\t\t\t<div class=\"elementor-widget-container\">\n\t\t\t\t\t\n            <div class=\"pt-gallery gap-5 gallery-grid grid-col-2 align-middle-v\">\n                <div class=\"pt-gallery-wrap\">                    <div class=\"pt-gallery-item\"><img decoding=\"async\" src=\"https:\/\/terrazaeljardindelabuelo.es\/wp-content\/uploads\/2022\/05\/vinosterrazaeljardindelabuelo-1.jpg\" title=\"Terraza El Jard\u00edn del Abuelo &#8211; Vinos\" alt=\"Terraza El Jard\u00edn del Abuelo - Vinos\" loading=\"lazy\" \/>                    <\/div>                    <div class=\"pt-gallery-item\"><img decoding=\"async\" src=\"https:\/\/terrazaeljardindelabuelo.es\/wp-content\/uploads\/2022\/05\/reservasterrazaeljardindelabuelo.jpg\" title=\"Terraza El Jard\u00edn del Abuelo &#8211; Experiencia Gastronomica\" alt=\"Terraza El Jard\u00edn del Abuelo - Experiencia Gastronomica\" loading=\"lazy\" \/>                    <\/div>                <\/div>\n            <\/div>\t\t\t\t<\/div>\n\t\t\t\t<\/div>\n\t\t\t\t\t<\/div>\n\t\t<\/div>\n\t\t\t\t\t<\/div>\n\t\t<\/section>\n\t\t\t\t<section class=\"elementor-section elementor-top-section elementor-element elementor-element-525b04f9 pt-section-content-fullwidth pt_scroll_y_120 pt-parallax-on-scroll reservar-mesa elementor-section-boxed elementor-section-height-default elementor-section-height-default\" data-id=\"525b04f9\" data-element_type=\"section\" data-e-type=\"section\" data-settings=\"{&quot;background_background&quot;:&quot;classic&quot;}\" data-pt-parallax-y=\"120\" style=\"background-image: none;\" data-pt-background-image=\"https:\/\/terrazaeljardindelabuelo.es\/wp-content\/uploads\/2022\/05\/bannerreservaseljardindelabuelo.jpg\">\n\t\t\t\t\t\t\t<div class=\"elementor-background-overlay\"><\/div>\n\t\t\t\t\t\t\t<div class=\"elementor-container elementor-column-gap-no\">\n\t\t\t\t\t<div class=\"elementor-column elementor-col-100 elementor-top-column elementor-element elementor-element-7942e853 dark-color\" data-id=\"7942e853\" data-element_type=\"column\" data-e-type=\"column\">\n\t\t\t<div class=\"elementor-widget-wrap elementor-element-populated\">\n\t\t\t\t\t\t<div class=\"elementor-element elementor-element-5af13a7f elementor-widget elementor-widget-pt_title\" data-id=\"5af13a7f\" data-element_type=\"widget\" data-e-type=\"widget\" data-widget_type=\"pt_title.default\">\n\t\t\t\t<div class=\"elementor-widget-container\">\n\t\t\t\t\t\n        <div class=\"pt-title-wrap text-center\">\t            <div class=\"pt-subtitle-wrap\"><span class=\"pt-subtitle style-bordered\">Reserva Online<\/span><\/div>\t            <h4 class=\"pt-title\">\n\t                Reservar una mesa\t            <\/h4>        <\/div>\t\t\t\t<\/div>\n\t\t\t\t<\/div>\n\t\t\t\t<div class=\"elementor-element elementor-element-326eda7 elementor-widget elementor-widget-text-editor\" data-id=\"326eda7\" data-element_type=\"widget\" data-e-type=\"widget\" data-widget_type=\"text-editor.default\">\n\t\t\t\t<div class=\"elementor-widget-container\">\n\t\t\t\t\t\t\t\t\t<p>Para realizar una reserva llama al <a href=\"tel:+34 647972635\">647972635<\/a><\/p>\t\t\t\t\t\t\t\t<\/div>\n\t\t\t\t<\/div>\n\t\t\t\t\t<\/div>\n\t\t<\/div>\n\t\t\t\t\t<\/div>\n\t\t<\/section>\n\t\t\t\t<\/div>\n\t\t","protected":false},"excerpt":{"rendered":"<p>Bienvenidos al Jard\u00edn del abuelo Experiencia de Cocina Mediterr\u00e1nea Deleitamos paladares con nuestra exquisita cocina de ra\u00edces mediterr\u00e1neas desde 1991. nuestra carta Experiencia gastron\u00f3mica Disfruta de un viaje excepcional a trav\u00e9s de nuestra cocina. Para nosotros es esencial que nuestro comensal forme parte de nuestra familia haci\u00e9ndole sentir como en casa desde el primer instante &#8230;<\/p>\n","protected":false},"author":1,"featured_media":0,"parent":0,"menu_order":0,"comment_status":"closed","ping_status":"closed","template":"template-wide-content.php","meta":{"patiotime_single_page_hide_site_header":"","patiotime_single_page_site_header_source":"","patiotime_single_page_custom_site_header":"0","patiotime_single_page_custom_sticky_site_header":"0","patiotime_single_page_hide_page_title":"on","patiotime_single_page_header_section_size":"","patiotime_single_page_header_background_color":"","patiotime_single_page_header_background_position_x":"center","patiotime_single_page_header_background_position_y":"center","patiotime_single_page_header_background_size":"cover","patiotime_single_page_header_background_repeat":"off","patiotime_single_page_header_background_scroll":"on","patiotime_single_page_header_text_color":"","patiotime_single_page_header_show_breadcrumb":"","patiotime_single_page_site_footer_hide_main":"","patiotime_single_page_site_footer_hide_above":"","patiotime_single_page_site_footer_hide_instagram":"","patiotime_single_page_site_footer_hide_bottom":"","footnotes":""},"class_list":["post-4888","page","type-page","status-publish","hentry"],"yoast_head":"<!-- This site is optimized with the Yoast SEO plugin v27.4 - https:\/\/yoast.com\/product\/yoast-seo-wordpress\/ -->\n<title>Inicio - El Jard\u00edn del Abuelo<\/title>\n<meta name=\"description\" content=\"El Jard\u00edn del Abuelo terraza y restaurante convertida en un oasis en pleno coraz\u00f3n de Madrid, su cocina mediterr\u00e1nea deleitar\u00e1 paladares.\" \/>\n<meta name=\"robots\" content=\"index, follow, max-snippet:-1, max-image-preview:large, max-video-preview:-1\" \/>\n<link rel=\"canonical\" href=\"https:\/\/terrazaeljardindelabuelo.es\/\" \/>\n<meta property=\"og:locale\" content=\"es_ES\" \/>\n<meta property=\"og:type\" content=\"article\" \/>\n<meta property=\"og:title\" content=\"Inicio - El Jard\u00edn del Abuelo\" \/>\n<meta property=\"og:description\" content=\"El Jard\u00edn del Abuelo terraza y restaurante convertida en un oasis en pleno coraz\u00f3n de Madrid, su cocina mediterr\u00e1nea deleitar\u00e1 paladares.\" \/>\n<meta property=\"og:url\" content=\"https:\/\/terrazaeljardindelabuelo.es\/\" \/>\n<meta property=\"og:site_name\" content=\"El Jard\u00edn del Abuelo\" \/>\n<meta property=\"article:modified_time\" content=\"2025-11-16T16:41:24+00:00\" \/>\n<meta property=\"og:image\" content=\"https:\/\/terrazaeljardindelabuelo.es\/wp-content\/uploads\/2022\/04\/cta-bg-6-2.jpg\" \/>\n<meta name=\"twitter:card\" content=\"summary_large_image\" \/>\n<meta name=\"twitter:label1\" content=\"Tiempo de lectura\" \/>\n\t<meta name=\"twitter:data1\" content=\"4 minutos\" \/>\n<script type=\"application\/ld+json\" class=\"yoast-schema-graph\">{\"@context\":\"https:\\\/\\\/schema.org\",\"@graph\":[{\"@type\":\"WebPage\",\"@id\":\"https:\\\/\\\/terrazaeljardindelabuelo.es\\\/\",\"url\":\"https:\\\/\\\/terrazaeljardindelabuelo.es\\\/\",\"name\":\"Inicio - El Jard\u00edn del Abuelo\",\"isPartOf\":{\"@id\":\"https:\\\/\\\/terrazaeljardindelabuelo.es\\\/#website\"},\"primaryImageOfPage\":{\"@id\":\"https:\\\/\\\/terrazaeljardindelabuelo.es\\\/#primaryimage\"},\"image\":{\"@id\":\"https:\\\/\\\/terrazaeljardindelabuelo.es\\\/#primaryimage\"},\"thumbnailUrl\":\"https:\\\/\\\/terrazaeljardindelabuelo.es\\\/wp-content\\\/uploads\\\/2022\\\/04\\\/cta-bg-6-2.jpg\",\"datePublished\":\"2022-04-05T13:54:15+00:00\",\"dateModified\":\"2025-11-16T16:41:24+00:00\",\"description\":\"El Jard\u00edn del Abuelo terraza y restaurante convertida en un oasis en pleno coraz\u00f3n de Madrid, su cocina mediterr\u00e1nea deleitar\u00e1 paladares.\",\"breadcrumb\":{\"@id\":\"https:\\\/\\\/terrazaeljardindelabuelo.es\\\/#breadcrumb\"},\"inLanguage\":\"es\",\"potentialAction\":[{\"@type\":\"ReadAction\",\"target\":[\"https:\\\/\\\/terrazaeljardindelabuelo.es\\\/\"]}]},{\"@type\":\"ImageObject\",\"inLanguage\":\"es\",\"@id\":\"https:\\\/\\\/terrazaeljardindelabuelo.es\\\/#primaryimage\",\"url\":\"https:\\\/\\\/terrazaeljardindelabuelo.es\\\/wp-content\\\/uploads\\\/2022\\\/04\\\/cta-bg-6-2.jpg\",\"contentUrl\":\"https:\\\/\\\/terrazaeljardindelabuelo.es\\\/wp-content\\\/uploads\\\/2022\\\/04\\\/cta-bg-6-2.jpg\"},{\"@type\":\"BreadcrumbList\",\"@id\":\"https:\\\/\\\/terrazaeljardindelabuelo.es\\\/#breadcrumb\",\"itemListElement\":[{\"@type\":\"ListItem\",\"position\":1,\"name\":\"Inicio\",\"item\":\"https:\\\/\\\/terrazaeljardindelabuelo.es\\\/\"},{\"@type\":\"ListItem\",\"position\":2,\"name\":\"Inicio\"}]},{\"@type\":\"WebSite\",\"@id\":\"https:\\\/\\\/terrazaeljardindelabuelo.es\\\/#website\",\"url\":\"https:\\\/\\\/terrazaeljardindelabuelo.es\\\/\",\"name\":\"El Jard\u00edn del Abuelo\",\"description\":\"Cocina Mediterr\u00e1nea\",\"publisher\":{\"@id\":\"https:\\\/\\\/terrazaeljardindelabuelo.es\\\/#organization\"},\"potentialAction\":[{\"@type\":\"SearchAction\",\"target\":{\"@type\":\"EntryPoint\",\"urlTemplate\":\"https:\\\/\\\/terrazaeljardindelabuelo.es\\\/?s={search_term_string}\"},\"query-input\":{\"@type\":\"PropertyValueSpecification\",\"valueRequired\":true,\"valueName\":\"search_term_string\"}}],\"inLanguage\":\"es\"},{\"@type\":\"Organization\",\"@id\":\"https:\\\/\\\/terrazaeljardindelabuelo.es\\\/#organization\",\"name\":\"Terraza El Jard\u00edn del Abuelo\",\"url\":\"https:\\\/\\\/terrazaeljardindelabuelo.es\\\/\",\"logo\":{\"@type\":\"ImageObject\",\"inLanguage\":\"es\",\"@id\":\"https:\\\/\\\/terrazaeljardindelabuelo.es\\\/#\\\/schema\\\/logo\\\/image\\\/\",\"url\":\"https:\\\/\\\/terrazaeljardindelabuelo.es\\\/wp-content\\\/uploads\\\/2022\\\/05\\\/homeprincipaleljardinabuelo-1024x576.png\",\"contentUrl\":\"https:\\\/\\\/terrazaeljardindelabuelo.es\\\/wp-content\\\/uploads\\\/2022\\\/05\\\/homeprincipaleljardinabuelo-1024x576.png\",\"width\":1024,\"height\":576,\"caption\":\"Terraza El Jard\u00edn del Abuelo\"},\"image\":{\"@id\":\"https:\\\/\\\/terrazaeljardindelabuelo.es\\\/#\\\/schema\\\/logo\\\/image\\\/\"}}]}<\/script>\n<!-- \/ Yoast SEO plugin. -->","yoast_head_json":{"title":"Inicio - El Jard\u00edn del Abuelo","description":"El Jard\u00edn del Abuelo terraza y restaurante convertida en un oasis en pleno coraz\u00f3n de Madrid, su cocina mediterr\u00e1nea deleitar\u00e1 paladares.","robots":{"index":"index","follow":"follow","max-snippet":"max-snippet:-1","max-image-preview":"max-image-preview:large","max-video-preview":"max-video-preview:-1"},"canonical":"https:\/\/terrazaeljardindelabuelo.es\/","og_locale":"es_ES","og_type":"article","og_title":"Inicio - El Jard\u00edn del Abuelo","og_description":"El Jard\u00edn del Abuelo terraza y restaurante convertida en un oasis en pleno coraz\u00f3n de Madrid, su cocina mediterr\u00e1nea deleitar\u00e1 paladares.","og_url":"https:\/\/terrazaeljardindelabuelo.es\/","og_site_name":"El Jard\u00edn del Abuelo","article_modified_time":"2025-11-16T16:41:24+00:00","og_image":[{"url":"https:\/\/terrazaeljardindelabuelo.es\/wp-content\/uploads\/2022\/04\/cta-bg-6-2.jpg","type":"","width":"","height":""}],"twitter_card":"summary_large_image","twitter_misc":{"Tiempo de lectura":"4 minutos"},"schema":{"@context":"https:\/\/schema.org","@graph":[{"@type":"WebPage","@id":"https:\/\/terrazaeljardindelabuelo.es\/","url":"https:\/\/terrazaeljardindelabuelo.es\/","name":"Inicio - El Jard\u00edn del Abuelo","isPartOf":{"@id":"https:\/\/terrazaeljardindelabuelo.es\/#website"},"primaryImageOfPage":{"@id":"https:\/\/terrazaeljardindelabuelo.es\/#primaryimage"},"image":{"@id":"https:\/\/terrazaeljardindelabuelo.es\/#primaryimage"},"thumbnailUrl":"https:\/\/terrazaeljardindelabuelo.es\/wp-content\/uploads\/2022\/04\/cta-bg-6-2.jpg","datePublished":"2022-04-05T13:54:15+00:00","dateModified":"2025-11-16T16:41:24+00:00","description":"El Jard\u00edn del Abuelo terraza y restaurante convertida en un oasis en pleno coraz\u00f3n de Madrid, su cocina mediterr\u00e1nea deleitar\u00e1 paladares.","breadcrumb":{"@id":"https:\/\/terrazaeljardindelabuelo.es\/#breadcrumb"},"inLanguage":"es","potentialAction":[{"@type":"ReadAction","target":["https:\/\/terrazaeljardindelabuelo.es\/"]}]},{"@type":"ImageObject","inLanguage":"es","@id":"https:\/\/terrazaeljardindelabuelo.es\/#primaryimage","url":"https:\/\/terrazaeljardindelabuelo.es\/wp-content\/uploads\/2022\/04\/cta-bg-6-2.jpg","contentUrl":"https:\/\/terrazaeljardindelabuelo.es\/wp-content\/uploads\/2022\/04\/cta-bg-6-2.jpg"},{"@type":"BreadcrumbList","@id":"https:\/\/terrazaeljardindelabuelo.es\/#breadcrumb","itemListElement":[{"@type":"ListItem","position":1,"name":"Inicio","item":"https:\/\/terrazaeljardindelabuelo.es\/"},{"@type":"ListItem","position":2,"name":"Inicio"}]},{"@type":"WebSite","@id":"https:\/\/terrazaeljardindelabuelo.es\/#website","url":"https:\/\/terrazaeljardindelabuelo.es\/","name":"El Jard\u00edn del Abuelo","description":"Cocina Mediterr\u00e1nea","publisher":{"@id":"https:\/\/terrazaeljardindelabuelo.es\/#organization"},"potentialAction":[{"@type":"SearchAction","target":{"@type":"EntryPoint","urlTemplate":"https:\/\/terrazaeljardindelabuelo.es\/?s={search_term_string}"},"query-input":{"@type":"PropertyValueSpecification","valueRequired":true,"valueName":"search_term_string"}}],"inLanguage":"es"},{"@type":"Organization","@id":"https:\/\/terrazaeljardindelabuelo.es\/#organization","name":"Terraza El Jard\u00edn del Abuelo","url":"https:\/\/terrazaeljardindelabuelo.es\/","logo":{"@type":"ImageObject","inLanguage":"es","@id":"https:\/\/terrazaeljardindelabuelo.es\/#\/schema\/logo\/image\/","url":"https:\/\/terrazaeljardindelabuelo.es\/wp-content\/uploads\/2022\/05\/homeprincipaleljardinabuelo-1024x576.png","contentUrl":"https:\/\/terrazaeljardindelabuelo.es\/wp-content\/uploads\/2022\/05\/homeprincipaleljardinabuelo-1024x576.png","width":1024,"height":576,"caption":"Terraza El Jard\u00edn del Abuelo"},"image":{"@id":"https:\/\/terrazaeljardindelabuelo.es\/#\/schema\/logo\/image\/"}}]}},"_links":{"self":[{"href":"https:\/\/terrazaeljardindelabuelo.es\/index.php\/wp-json\/wp\/v2\/pages\/4888","targetHints":{"allow":["GET"]}}],"collection":[{"href":"https:\/\/terrazaeljardindelabuelo.es\/index.php\/wp-json\/wp\/v2\/pages"}],"about":[{"href":"https:\/\/terrazaeljardindelabuelo.es\/index.php\/wp-json\/wp\/v2\/types\/page"}],"author":[{"embeddable":true,"href":"https:\/\/terrazaeljardindelabuelo.es\/index.php\/wp-json\/wp\/v2\/users\/1"}],"replies":[{"embeddable":true,"href":"https:\/\/terrazaeljardindelabuelo.es\/index.php\/wp-json\/wp\/v2\/comments?post=4888"}],"version-history":[{"count":153,"href":"https:\/\/terrazaeljardindelabuelo.es\/index.php\/wp-json\/wp\/v2\/pages\/4888\/revisions"}],"predecessor-version":[{"id":7250,"href":"https:\/\/terrazaeljardindelabuelo.es\/index.php\/wp-json\/wp\/v2\/pages\/4888\/revisions\/7250"}],"wp:attachment":[{"href":"https:\/\/terrazaeljardindelabuelo.es\/index.php\/wp-json\/wp\/v2\/media?parent=4888"}],"curies":[{"name":"wp","href":"https:\/\/api.w.org\/{rel}","templated":true}]}}