{"id":4892,"date":"2022-04-05T13:54:45","date_gmt":"2022-04-05T13:54:45","guid":{"rendered":"https:\/\/patiotime.loftocean.com\/demo2\/?page_id=4892"},"modified":"2022-05-10T22:03:57","modified_gmt":"2022-05-10T22:03:57","slug":"contacto","status":"publish","type":"page","link":"https:\/\/terrazaeljardindelabuelo.es\/index.php\/contacto\/","title":{"rendered":"Contacto"},"content":{"rendered":"\t\t<div data-elementor-type=\"wp-page\" data-elementor-id=\"4892\" class=\"elementor elementor-4892\">\n\t\t\t\t\t\t<section class=\"elementor-section elementor-top-section elementor-element elementor-element-22919a6e pt-section-content-fullwidth pt-parallax-on-scroll pt_scroll_y_120 elementor-section-boxed elementor-section-height-default elementor-section-height-default\" data-id=\"22919a6e\" data-element_type=\"section\" data-e-type=\"section\" data-settings=\"{&quot;background_background&quot;:&quot;classic&quot;}\" data-pt-parallax-y=\"120\" style=\"background-image: none;\" data-pt-background-image=\"https:\/\/terrazaeljardindelabuelo.es\/wp-content\/uploads\/2022\/05\/banner-contacto-el-jardi\u0301n-del-abuelo.jpg\">\n\t\t\t\t\t\t\t<div class=\"elementor-background-overlay\"><\/div>\n\t\t\t\t\t\t\t<div class=\"elementor-container elementor-column-gap-no\">\n\t\t\t\t\t<div class=\"elementor-column elementor-col-100 elementor-top-column elementor-element elementor-element-506879d8 dark-color\" data-id=\"506879d8\" data-element_type=\"column\" data-e-type=\"column\">\n\t\t\t<div class=\"elementor-widget-wrap elementor-element-populated\">\n\t\t\t\t\t\t<div class=\"elementor-element elementor-element-78737567 elementor-widget elementor-widget-pt_title\" data-id=\"78737567\" data-element_type=\"widget\" data-e-type=\"widget\" data-widget_type=\"pt_title.default\">\n\t\t\t\t<div class=\"elementor-widget-container\">\n\t\t\t\t\t\n        <div class=\"pt-title-wrap text-center\">\t            <h1 class=\"pt-title\">\n\t                Contactar\t            <\/h1>        <\/div>\t\t\t\t<\/div>\n\t\t\t\t<\/div>\n\t\t\t\t\t<\/div>\n\t\t<\/div>\n\t\t\t\t\t<\/div>\n\t\t<\/section>\n\t\t\t\t<section class=\"elementor-section elementor-top-section elementor-element elementor-element-6b823d19 elementor-section-boxed elementor-section-height-default elementor-section-height-default\" data-id=\"6b823d19\" data-element_type=\"section\" data-e-type=\"section\">\n\t\t\t\t\t\t<div class=\"elementor-container elementor-column-gap-no\">\n\t\t\t\t\t<div class=\"elementor-column elementor-col-33 elementor-top-column elementor-element elementor-element-453931e7\" data-id=\"453931e7\" data-element_type=\"column\" data-e-type=\"column\">\n\t\t\t<div class=\"elementor-widget-wrap elementor-element-populated\">\n\t\t\t\t\t\t<div class=\"elementor-element elementor-element-492d72ef elementor-widget elementor-widget-pt_title\" data-id=\"492d72ef\" data-element_type=\"widget\" data-e-type=\"widget\" data-widget_type=\"pt_title.default\">\n\t\t\t\t<div class=\"elementor-widget-container\">\n\t\t\t\t\t\n        <div class=\"pt-title-wrap\">\t            <div class=\"pt-subtitle-wrap\"><span class=\"pt-subtitle\">Sobre nuestra localizaci\u00f3n<\/span><\/div>\t            <h5 class=\"pt-title\">\n\t                D\u00f3nde encontrarnos\t            <\/h5>\t            <div class=\"pt-title-text\">\n\t                <p>El Jard\u00edn del Abuelo se encuentra en pleno coraz\u00f3n de Madrid, Calle Puerto Rico, zona de Chamart\u00edn.<\/p><p>En nuestra casa podr\u00e1s sentir que encuentras un oasis en Madrid, un jard\u00edn interior y espacio reservado te har\u00e1 vivir una experiencia gastron\u00f3mica \u00fanica a trav\u00e9s de nuestros exquisitos platos junto un maridaje de primera gracias a nuestro equipo.<\/p>\t            <\/div>        <\/div>\t\t\t\t<\/div>\n\t\t\t\t<\/div>\n\t\t\t\t<div class=\"elementor-element elementor-element-75a2f82d elementor-widget elementor-widget-pt_info\" data-id=\"75a2f82d\" data-element_type=\"widget\" data-e-type=\"widget\" data-widget_type=\"pt_info.default\">\n\t\t\t\t<div class=\"elementor-widget-container\">\n\t\t\t\t\t\t            <div class=\"pt-info pt-address\">\n\t                <a href=\"https:\/\/goo.gl\/maps\/GSg9PsKQSf8gedUY9\">\t                    <i class=\"fas fa-map-marker-alt\"><\/i> Calle de Puerto Rico, 34, 28016 Madrid.\t                <\/a>\t            <\/div>\t\t\t\t<\/div>\n\t\t\t\t<\/div>\n\t\t\t\t<div class=\"elementor-element elementor-element-117f17f2 elementor-widget elementor-widget-pt_info\" data-id=\"117f17f2\" data-element_type=\"widget\" data-e-type=\"widget\" data-widget_type=\"pt_info.default\">\n\t\t\t\t<div class=\"elementor-widget-container\">\n\t\t\t\t\t\t            <div class=\"pt-info pt-tel\">\n\t                <a href=\"tel:+34 647972635\">\t                    <i class=\"fas fa-phone\"><\/i> +34 647972635\t                <\/a>\t            <\/div>\t\t\t\t<\/div>\n\t\t\t\t<\/div>\n\t\t\t\t<div class=\"elementor-element elementor-element-6ff2ab2d elementor-widget elementor-widget-pt_info\" data-id=\"6ff2ab2d\" data-element_type=\"widget\" data-e-type=\"widget\" data-widget_type=\"pt_info.default\">\n\t\t\t\t<div class=\"elementor-widget-container\">\n\t\t\t\t\t\t            <div class=\"pt-info pt-email\">\n\t                <a href=\"mailto:terrazaeljardindelabuelo@gmail.com\">\t                    <i class=\"far fa-envelope\"><\/i> terrazaeljardindelabuelo@gmail.com\t                <\/a>\t            <\/div>\t\t\t\t<\/div>\n\t\t\t\t<\/div>\n\t\t\t\t<div class=\"elementor-element elementor-element-75ad46a0 elementor-widget elementor-widget-pt_button\" data-id=\"75ad46a0\" data-element_type=\"widget\" data-e-type=\"widget\" data-widget_type=\"pt_button.default\">\n\t\t\t\t<div class=\"elementor-widget-container\">\n\t\t\t\t\t        <a href=\"https:\/\/goo.gl\/maps\/SbZ3UbQqCov82ALZA\" target=\"_blank\" class=\"elementor-button-link button\" role=\"button\">\n            <span class=\"pt-btn-text\">Ver en Google Maps<\/span>\n        <\/a>\t\t\t\t<\/div>\n\t\t\t\t<\/div>\n\t\t\t\t\t<\/div>\n\t\t<\/div>\n\t\t\t\t<div class=\"elementor-column elementor-col-33 elementor-top-column elementor-element elementor-element-51e65452 elementor-hidden-tablet elementor-hidden-mobile\" data-id=\"51e65452\" data-element_type=\"column\" data-e-type=\"column\">\n\t\t\t<div class=\"elementor-widget-wrap elementor-element-populated\">\n\t\t\t\t\t\t<div class=\"elementor-element elementor-element-505b69b8 full-height elementor-widget elementor-widget-pt_vertical_divider\" data-id=\"505b69b8\" data-element_type=\"widget\" data-e-type=\"widget\" data-widget_type=\"pt_vertical_divider.default\">\n\t\t\t\t<div class=\"elementor-widget-container\">\n\t\t\t\t\t\n        <div class=\"pt-vertical-divider divider-grass\">                <div class=\"pt-vd-icon icon-start\">                    <svg xmlns=\"http:\/\/www.w3.org\/2000\/svg\" viewBox=\"0 0 31.06 29.67\">\n                        <path d=\"M36.53,21.85,31.78,18s-7.5.83-9.68,16.39C22.1,34.34,25.7,21.66,36.53,21.85Z\" transform=\"translate(-5.47 -4.66)\"><\/path>\n                        <path class=\"cls-1\" d=\"M5.47,21.85,10.22,18s7.5.83,9.68,16.39C19.9,34.34,16.3,21.66,5.47,21.85Z\" transform=\"translate(-5.47 -4.66)\"><\/path>\n                        <polygon class=\"cls-1\" points=\"15.53 0 18.66 6.56 15.53 22.16 12.39 6.56 15.53 0\"><\/polygon>\n                    <\/svg>                <\/div>            <div class=\"pt-vd-line\"><\/div>                <div class=\"pt-vd-icon icon-end\">                    <svg xmlns=\"http:\/\/www.w3.org\/2000\/svg\" viewBox=\"0 0 31.06 29.67\">\n                        <path d=\"M36.53,21.85,31.78,18s-7.5.83-9.68,16.39C22.1,34.34,25.7,21.66,36.53,21.85Z\" transform=\"translate(-5.47 -4.66)\"><\/path>\n                        <path class=\"cls-1\" d=\"M5.47,21.85,10.22,18s7.5.83,9.68,16.39C19.9,34.34,16.3,21.66,5.47,21.85Z\" transform=\"translate(-5.47 -4.66)\"><\/path>\n                        <polygon class=\"cls-1\" points=\"15.53 0 18.66 6.56 15.53 22.16 12.39 6.56 15.53 0\"><\/polygon>\n                    <\/svg>                <\/div>        <\/div>\t\t\t\t<\/div>\n\t\t\t\t<\/div>\n\t\t\t\t\t<\/div>\n\t\t<\/div>\n\t\t\t\t<div class=\"elementor-column elementor-col-33 elementor-top-column elementor-element elementor-element-708b0cb\" data-id=\"708b0cb\" data-element_type=\"column\" data-e-type=\"column\">\n\t\t\t<div class=\"elementor-widget-wrap elementor-element-populated\">\n\t\t\t\t\t\t<div class=\"elementor-element elementor-element-5bfa6bca elementor-widget elementor-widget-image\" data-id=\"5bfa6bca\" data-element_type=\"widget\" data-e-type=\"widget\" data-widget_type=\"image.default\">\n\t\t\t\t<div class=\"elementor-widget-container\">\n\t\t\t\t\t\t\t\t\t\t\t\t\t\t\t<img fetchpriority=\"high\" decoding=\"async\" width=\"1024\" height=\"768\" src=\"https:\/\/terrazaeljardindelabuelo.es\/wp-content\/uploads\/2022\/05\/localizacion-el-jardin-del-abuelo-1024x768.jpg\" class=\"attachment-large size-large wp-image-6782\" alt=\"\" srcset=\"https:\/\/terrazaeljardindelabuelo.es\/wp-content\/uploads\/2022\/05\/localizacion-el-jardin-del-abuelo-1024x768.jpg 1024w, https:\/\/terrazaeljardindelabuelo.es\/wp-content\/uploads\/2022\/05\/localizacion-el-jardin-del-abuelo-300x225.jpg 300w, https:\/\/terrazaeljardindelabuelo.es\/wp-content\/uploads\/2022\/05\/localizacion-el-jardin-del-abuelo-768x576.jpg 768w, https:\/\/terrazaeljardindelabuelo.es\/wp-content\/uploads\/2022\/05\/localizacion-el-jardin-del-abuelo-1536x1152.jpg 1536w, https:\/\/terrazaeljardindelabuelo.es\/wp-content\/uploads\/2022\/05\/localizacion-el-jardin-del-abuelo-1440x1080.jpg 1440w, https:\/\/terrazaeljardindelabuelo.es\/wp-content\/uploads\/2022\/05\/localizacion-el-jardin-del-abuelo-1200x900.jpg 1200w, https:\/\/terrazaeljardindelabuelo.es\/wp-content\/uploads\/2022\/05\/localizacion-el-jardin-del-abuelo-780x585.jpg 780w, https:\/\/terrazaeljardindelabuelo.es\/wp-content\/uploads\/2022\/05\/localizacion-el-jardin-del-abuelo-600x450.jpg 600w, https:\/\/terrazaeljardindelabuelo.es\/wp-content\/uploads\/2022\/05\/localizacion-el-jardin-del-abuelo-550x413.jpg 550w, https:\/\/terrazaeljardindelabuelo.es\/wp-content\/uploads\/2022\/05\/localizacion-el-jardin-del-abuelo-370x278.jpg 370w, https:\/\/terrazaeljardindelabuelo.es\/wp-content\/uploads\/2022\/05\/localizacion-el-jardin-del-abuelo-255x191.jpg 255w, https:\/\/terrazaeljardindelabuelo.es\/wp-content\/uploads\/2022\/05\/localizacion-el-jardin-del-abuelo.jpg 1600w\" sizes=\"(max-width: 1024px) 100vw, 1024px\" \/>\t\t\t\t\t\t\t\t\t\t\t\t\t\t\t<\/div>\n\t\t\t\t<\/div>\n\t\t\t\t\t<\/div>\n\t\t<\/div>\n\t\t\t\t\t<\/div>\n\t\t<\/section>\n\t\t\t\t<section class=\"elementor-section elementor-top-section elementor-element elementor-element-52fd65fb pt-section-content-fullwidth elementor-section-full_width elementor-section-height-default elementor-section-height-default\" data-id=\"52fd65fb\" data-element_type=\"section\" data-e-type=\"section\" data-settings=\"{&quot;background_background&quot;:&quot;classic&quot;}\">\n\t\t\t\t\t\t<div class=\"elementor-container elementor-column-gap-no\">\n\t\t\t\t\t<div class=\"elementor-column elementor-col-50 elementor-top-column elementor-element elementor-element-181a9750\" data-id=\"181a9750\" data-element_type=\"column\" data-e-type=\"column\">\n\t\t\t<div class=\"elementor-widget-wrap elementor-element-populated\">\n\t\t\t\t\t\t<div class=\"elementor-element elementor-element-18c882a6 elementor-widget elementor-widget-pt_title\" data-id=\"18c882a6\" data-element_type=\"widget\" data-e-type=\"widget\" data-widget_type=\"pt_title.default\">\n\t\t\t\t<div class=\"elementor-widget-container\">\n\t\t\t\t\t\n        <div class=\"pt-title-wrap\">\t            <div class=\"pt-subtitle-wrap\"><span class=\"pt-subtitle\">Estamos en contacto<\/span><\/div>\t            <h5 class=\"pt-title\">\n\t                Para contactar\t            <\/h5>\t            <div class=\"pt-title-text\">\n\t                <p>Para informaci\u00f3n, reservas u otras consultas: <span style=\"text-decoration: underline;\"><a href=\"mailto:terrazaeljardindelabuelo@gmail.com\">terrazaeljardindelabuelo@gmail.com<\/a><\/span><\/p><p>Reservas por mail: <span style=\"text-decoration: underline;\"><a href=\"mailto:terrazaeljardindelabuelo@gmail.com\">terrazaeljardindelabuelo@gmail.com<\/a><\/span><\/p><p>Tel: +34 647972635<\/p><p><strong>Horarios de Apertura:<\/strong><br \/>Lunes &#8211; Viernes: 08.00 am \u2013 01:00 am<br \/>S\u00e1bado: 10:00 am \u2013 01:00 am<br \/>Domingo: 10:00 am \u2013 17:00 pm<\/p>\t            <\/div>                <div class=\"pt-title-btn\">\n                    <a class=\"button elementor-button-link pt-btn-underline\" role=\"button\" href=\"https:\/\/terrazaeljardindelabuelo.es\/index.php\/reservas\/\">\n                        <span class=\"pt-btn-text\">Reservas Online<\/span>\n                    <\/a>\n                <\/div>\n                    <\/div>\t\t\t\t<\/div>\n\t\t\t\t<\/div>\n\t\t\t\t\t<\/div>\n\t\t<\/div>\n\t\t\t\t<div class=\"elementor-column elementor-col-50 elementor-top-column elementor-element elementor-element-e874b05\" data-id=\"e874b05\" data-element_type=\"column\" data-e-type=\"column\">\n\t\t\t<div class=\"elementor-widget-wrap elementor-element-populated\">\n\t\t\t\t\t\t<div class=\"elementor-element elementor-element-1f20a084 elementor-widget elementor-widget-pt_form_cf7\" data-id=\"1f20a084\" data-element_type=\"widget\" data-e-type=\"widget\" data-widget_type=\"pt_form_cf7.default\">\n\t\t\t\t<div class=\"elementor-widget-container\">\n\t\t\t\t\t            <div class=\"pt-form-cf7 placeholder-normal\">\n                <div class=\"pt-form-cf7-wrap\">\n<div class=\"wpcf7 no-js\" id=\"wpcf7-f4836-o1\" lang=\"en-US\" dir=\"ltr\" data-wpcf7-id=\"4836\">\n<div class=\"screen-reader-response\"><p role=\"status\" aria-live=\"polite\" aria-atomic=\"true\"><\/p> <ul><\/ul><\/div>\n<form action=\"\/index.php\/wp-json\/wp\/v2\/pages\/4892#wpcf7-f4836-o1\" method=\"post\" class=\"wpcf7-form init\" aria-label=\"Contact form\" novalidate=\"novalidate\" data-status=\"init\">\n<fieldset class=\"hidden-fields-container\"><input type=\"hidden\" name=\"_wpcf7\" value=\"4836\" \/><input type=\"hidden\" name=\"_wpcf7_version\" value=\"6.1.5\" \/><input type=\"hidden\" name=\"_wpcf7_locale\" value=\"en_US\" \/><input type=\"hidden\" name=\"_wpcf7_unit_tag\" value=\"wpcf7-f4836-o1\" \/><input type=\"hidden\" name=\"_wpcf7_container_post\" value=\"0\" \/><input type=\"hidden\" name=\"_wpcf7_posted_data_hash\" value=\"\" \/>\n<\/fieldset>\n<div class=\"row\">\n\t<div class=\"col-1-2\">\n\t\t<p><label> Tu Nombre<br \/>\n<span class=\"wpcf7-form-control-wrap\" data-name=\"your-name\"><input size=\"40\" maxlength=\"400\" class=\"wpcf7-form-control wpcf7-text wpcf7-validates-as-required\" aria-required=\"true\" aria-invalid=\"false\" value=\"\" type=\"text\" name=\"your-name\" \/><\/span> <\/label>\n\t\t<\/p>\n\t<\/div>\n\t<div class=\"col-1-2\">\n\t\t<p><label> Tu e-mail<br \/>\n<span class=\"wpcf7-form-control-wrap\" data-name=\"your-email\"><input size=\"40\" maxlength=\"400\" class=\"wpcf7-form-control wpcf7-email wpcf7-validates-as-required wpcf7-text wpcf7-validates-as-email\" aria-required=\"true\" aria-invalid=\"false\" value=\"\" type=\"email\" name=\"your-email\" \/><\/span> <\/label>\n\t\t<\/p>\n\t<\/div>\n<\/div>\n<p><label> Asunto<br \/>\n<span class=\"wpcf7-form-control-wrap\" data-name=\"your-subject\"><input size=\"40\" maxlength=\"400\" class=\"wpcf7-form-control wpcf7-text wpcf7-validates-as-required\" aria-required=\"true\" aria-invalid=\"false\" value=\"\" type=\"text\" name=\"your-subject\" \/><\/span> <\/label>\n<\/p>\n<p><label> Tu mensaje (requerido)<br \/>\n<span class=\"wpcf7-form-control-wrap\" data-name=\"your-message\"><textarea cols=\"40\" rows=\"10\" maxlength=\"2000\" class=\"wpcf7-form-control wpcf7-textarea wpcf7-validates-as-required\" aria-required=\"true\" aria-invalid=\"false\" name=\"your-message\"><\/textarea><\/span> <\/label>\n<\/p>\n<p><input class=\"wpcf7-form-control wpcf7-submit has-spinner\" type=\"submit\" value=\"Enviar\" \/>\n<\/p><div class=\"wpcf7-response-output\" aria-hidden=\"true\"><\/div>\n<\/form>\n<\/div>\n<\/div>\n            <\/div>\t\t\t\t<\/div>\n\t\t\t\t<\/div>\n\t\t\t\t\t<\/div>\n\t\t<\/div>\n\t\t\t\t\t<\/div>\n\t\t<\/section>\n\t\t\t\t<\/div>\n\t\t","protected":false},"excerpt":{"rendered":"<p>Contactar Sobre nuestra localizaci\u00f3n D\u00f3nde encontrarnos El Jard\u00edn del Abuelo se encuentra en pleno coraz\u00f3n de Madrid, Calle Puerto Rico, zona de Chamart\u00edn. En nuestra casa podr\u00e1s sentir que encuentras un oasis en Madrid, un jard\u00edn interior y espacio reservado te har\u00e1 vivir una experiencia gastron\u00f3mica \u00fanica a trav\u00e9s de nuestros exquisitos platos junto un &#8230;<\/p>\n","protected":false},"author":1,"featured_media":0,"parent":0,"menu_order":0,"comment_status":"closed","ping_status":"closed","template":"template-wide-content.php","meta":{"patiotime_single_page_hide_site_header":"","patiotime_single_page_site_header_source":"","patiotime_single_page_custom_site_header":"0","patiotime_single_page_custom_sticky_site_header":"0","patiotime_single_page_hide_page_title":"on","patiotime_single_page_header_section_size":"","patiotime_single_page_header_background_color":"","patiotime_single_page_header_background_position_x":"center","patiotime_single_page_header_background_position_y":"center","patiotime_single_page_header_background_size":"cover","patiotime_single_page_header_background_repeat":"off","patiotime_single_page_header_background_scroll":"on","patiotime_single_page_header_text_color":"","patiotime_single_page_header_show_breadcrumb":"","patiotime_single_page_site_footer_hide_main":"","patiotime_single_page_site_footer_hide_above":"on","patiotime_single_page_site_footer_hide_instagram":"","patiotime_single_page_site_footer_hide_bottom":"","footnotes":""},"class_list":["post-4892","page","type-page","status-publish","hentry"],"yoast_head":"<!-- This site is optimized with the Yoast SEO plugin v27.4 - https:\/\/yoast.com\/product\/yoast-seo-wordpress\/ -->\n<title>Contacto - El Jard\u00edn del Abuelo<\/title>\n<meta name=\"description\" content=\"Se encuentra usted en la p\u00e1gina de contacto del El Jard\u00edn del Abuelo donde nos podr\u00e1 hacer llegar sus consultas o sugerencias.\" \/>\n<meta name=\"robots\" content=\"index, follow, max-snippet:-1, max-image-preview:large, max-video-preview:-1\" \/>\n<link rel=\"canonical\" href=\"https:\/\/terrazaeljardindelabuelo.es\/index.php\/contacto\/\" \/>\n<meta property=\"og:locale\" content=\"es_ES\" \/>\n<meta property=\"og:type\" content=\"article\" \/>\n<meta property=\"og:title\" content=\"Contacto - El Jard\u00edn del Abuelo\" \/>\n<meta property=\"og:description\" content=\"Se encuentra usted en la p\u00e1gina de contacto del El Jard\u00edn del Abuelo donde nos podr\u00e1 hacer llegar sus consultas o sugerencias.\" \/>\n<meta property=\"og:url\" content=\"https:\/\/terrazaeljardindelabuelo.es\/index.php\/contacto\/\" \/>\n<meta property=\"og:site_name\" content=\"El Jard\u00edn del Abuelo\" \/>\n<meta property=\"article:modified_time\" content=\"2022-05-10T22:03:57+00:00\" \/>\n<meta property=\"og:image\" content=\"https:\/\/terrazaeljardindelabuelo.es\/wp-content\/uploads\/2022\/05\/localizacion-el-jardin-del-abuelo-1024x768.jpg\" \/>\n<meta name=\"twitter:card\" content=\"summary_large_image\" \/>\n<meta name=\"twitter:label1\" content=\"Tiempo de lectura\" \/>\n\t<meta name=\"twitter:data1\" content=\"1 minuto\" \/>\n<script type=\"application\/ld+json\" class=\"yoast-schema-graph\">{\"@context\":\"https:\\\/\\\/schema.org\",\"@graph\":[{\"@type\":\"WebPage\",\"@id\":\"https:\\\/\\\/terrazaeljardindelabuelo.es\\\/index.php\\\/contacto\\\/\",\"url\":\"https:\\\/\\\/terrazaeljardindelabuelo.es\\\/index.php\\\/contacto\\\/\",\"name\":\"Contacto - El Jard\u00edn del Abuelo\",\"isPartOf\":{\"@id\":\"https:\\\/\\\/terrazaeljardindelabuelo.es\\\/#website\"},\"primaryImageOfPage\":{\"@id\":\"https:\\\/\\\/terrazaeljardindelabuelo.es\\\/index.php\\\/contacto\\\/#primaryimage\"},\"image\":{\"@id\":\"https:\\\/\\\/terrazaeljardindelabuelo.es\\\/index.php\\\/contacto\\\/#primaryimage\"},\"thumbnailUrl\":\"https:\\\/\\\/terrazaeljardindelabuelo.es\\\/wp-content\\\/uploads\\\/2022\\\/05\\\/localizacion-el-jardin-del-abuelo-1024x768.jpg\",\"datePublished\":\"2022-04-05T13:54:45+00:00\",\"dateModified\":\"2022-05-10T22:03:57+00:00\",\"description\":\"Se encuentra usted en la p\u00e1gina de contacto del El Jard\u00edn del Abuelo donde nos podr\u00e1 hacer llegar sus consultas o sugerencias.\",\"breadcrumb\":{\"@id\":\"https:\\\/\\\/terrazaeljardindelabuelo.es\\\/index.php\\\/contacto\\\/#breadcrumb\"},\"inLanguage\":\"es\",\"potentialAction\":[{\"@type\":\"ReadAction\",\"target\":[\"https:\\\/\\\/terrazaeljardindelabuelo.es\\\/index.php\\\/contacto\\\/\"]}]},{\"@type\":\"ImageObject\",\"inLanguage\":\"es\",\"@id\":\"https:\\\/\\\/terrazaeljardindelabuelo.es\\\/index.php\\\/contacto\\\/#primaryimage\",\"url\":\"https:\\\/\\\/terrazaeljardindelabuelo.es\\\/wp-content\\\/uploads\\\/2022\\\/05\\\/localizacion-el-jardin-del-abuelo.jpg\",\"contentUrl\":\"https:\\\/\\\/terrazaeljardindelabuelo.es\\\/wp-content\\\/uploads\\\/2022\\\/05\\\/localizacion-el-jardin-del-abuelo.jpg\",\"width\":1600,\"height\":1200},{\"@type\":\"BreadcrumbList\",\"@id\":\"https:\\\/\\\/terrazaeljardindelabuelo.es\\\/index.php\\\/contacto\\\/#breadcrumb\",\"itemListElement\":[{\"@type\":\"ListItem\",\"position\":1,\"name\":\"Inicio\",\"item\":\"https:\\\/\\\/terrazaeljardindelabuelo.es\\\/\"},{\"@type\":\"ListItem\",\"position\":2,\"name\":\"Contacto\"}]},{\"@type\":\"WebSite\",\"@id\":\"https:\\\/\\\/terrazaeljardindelabuelo.es\\\/#website\",\"url\":\"https:\\\/\\\/terrazaeljardindelabuelo.es\\\/\",\"name\":\"El Jard\u00edn del Abuelo\",\"description\":\"Cocina Mediterr\u00e1nea\",\"publisher\":{\"@id\":\"https:\\\/\\\/terrazaeljardindelabuelo.es\\\/#organization\"},\"potentialAction\":[{\"@type\":\"SearchAction\",\"target\":{\"@type\":\"EntryPoint\",\"urlTemplate\":\"https:\\\/\\\/terrazaeljardindelabuelo.es\\\/?s={search_term_string}\"},\"query-input\":{\"@type\":\"PropertyValueSpecification\",\"valueRequired\":true,\"valueName\":\"search_term_string\"}}],\"inLanguage\":\"es\"},{\"@type\":\"Organization\",\"@id\":\"https:\\\/\\\/terrazaeljardindelabuelo.es\\\/#organization\",\"name\":\"Terraza El Jard\u00edn del Abuelo\",\"url\":\"https:\\\/\\\/terrazaeljardindelabuelo.es\\\/\",\"logo\":{\"@type\":\"ImageObject\",\"inLanguage\":\"es\",\"@id\":\"https:\\\/\\\/terrazaeljardindelabuelo.es\\\/#\\\/schema\\\/logo\\\/image\\\/\",\"url\":\"https:\\\/\\\/terrazaeljardindelabuelo.es\\\/wp-content\\\/uploads\\\/2022\\\/05\\\/homeprincipaleljardinabuelo-1024x576.png\",\"contentUrl\":\"https:\\\/\\\/terrazaeljardindelabuelo.es\\\/wp-content\\\/uploads\\\/2022\\\/05\\\/homeprincipaleljardinabuelo-1024x576.png\",\"width\":1024,\"height\":576,\"caption\":\"Terraza El Jard\u00edn del Abuelo\"},\"image\":{\"@id\":\"https:\\\/\\\/terrazaeljardindelabuelo.es\\\/#\\\/schema\\\/logo\\\/image\\\/\"}}]}<\/script>\n<!-- \/ Yoast SEO plugin. -->","yoast_head_json":{"title":"Contacto - El Jard\u00edn del Abuelo","description":"Se encuentra usted en la p\u00e1gina de contacto del El Jard\u00edn del Abuelo donde nos podr\u00e1 hacer llegar sus consultas o sugerencias.","robots":{"index":"index","follow":"follow","max-snippet":"max-snippet:-1","max-image-preview":"max-image-preview:large","max-video-preview":"max-video-preview:-1"},"canonical":"https:\/\/terrazaeljardindelabuelo.es\/index.php\/contacto\/","og_locale":"es_ES","og_type":"article","og_title":"Contacto - El Jard\u00edn del Abuelo","og_description":"Se encuentra usted en la p\u00e1gina de contacto del El Jard\u00edn del Abuelo donde nos podr\u00e1 hacer llegar sus consultas o sugerencias.","og_url":"https:\/\/terrazaeljardindelabuelo.es\/index.php\/contacto\/","og_site_name":"El Jard\u00edn del Abuelo","article_modified_time":"2022-05-10T22:03:57+00:00","og_image":[{"url":"https:\/\/terrazaeljardindelabuelo.es\/wp-content\/uploads\/2022\/05\/localizacion-el-jardin-del-abuelo-1024x768.jpg","type":"","width":"","height":""}],"twitter_card":"summary_large_image","twitter_misc":{"Tiempo de lectura":"1 minuto"},"schema":{"@context":"https:\/\/schema.org","@graph":[{"@type":"WebPage","@id":"https:\/\/terrazaeljardindelabuelo.es\/index.php\/contacto\/","url":"https:\/\/terrazaeljardindelabuelo.es\/index.php\/contacto\/","name":"Contacto - El Jard\u00edn del Abuelo","isPartOf":{"@id":"https:\/\/terrazaeljardindelabuelo.es\/#website"},"primaryImageOfPage":{"@id":"https:\/\/terrazaeljardindelabuelo.es\/index.php\/contacto\/#primaryimage"},"image":{"@id":"https:\/\/terrazaeljardindelabuelo.es\/index.php\/contacto\/#primaryimage"},"thumbnailUrl":"https:\/\/terrazaeljardindelabuelo.es\/wp-content\/uploads\/2022\/05\/localizacion-el-jardin-del-abuelo-1024x768.jpg","datePublished":"2022-04-05T13:54:45+00:00","dateModified":"2022-05-10T22:03:57+00:00","description":"Se encuentra usted en la p\u00e1gina de contacto del El Jard\u00edn del Abuelo donde nos podr\u00e1 hacer llegar sus consultas o sugerencias.","breadcrumb":{"@id":"https:\/\/terrazaeljardindelabuelo.es\/index.php\/contacto\/#breadcrumb"},"inLanguage":"es","potentialAction":[{"@type":"ReadAction","target":["https:\/\/terrazaeljardindelabuelo.es\/index.php\/contacto\/"]}]},{"@type":"ImageObject","inLanguage":"es","@id":"https:\/\/terrazaeljardindelabuelo.es\/index.php\/contacto\/#primaryimage","url":"https:\/\/terrazaeljardindelabuelo.es\/wp-content\/uploads\/2022\/05\/localizacion-el-jardin-del-abuelo.jpg","contentUrl":"https:\/\/terrazaeljardindelabuelo.es\/wp-content\/uploads\/2022\/05\/localizacion-el-jardin-del-abuelo.jpg","width":1600,"height":1200},{"@type":"BreadcrumbList","@id":"https:\/\/terrazaeljardindelabuelo.es\/index.php\/contacto\/#breadcrumb","itemListElement":[{"@type":"ListItem","position":1,"name":"Inicio","item":"https:\/\/terrazaeljardindelabuelo.es\/"},{"@type":"ListItem","position":2,"name":"Contacto"}]},{"@type":"WebSite","@id":"https:\/\/terrazaeljardindelabuelo.es\/#website","url":"https:\/\/terrazaeljardindelabuelo.es\/","name":"El Jard\u00edn del Abuelo","description":"Cocina Mediterr\u00e1nea","publisher":{"@id":"https:\/\/terrazaeljardindelabuelo.es\/#organization"},"potentialAction":[{"@type":"SearchAction","target":{"@type":"EntryPoint","urlTemplate":"https:\/\/terrazaeljardindelabuelo.es\/?s={search_term_string}"},"query-input":{"@type":"PropertyValueSpecification","valueRequired":true,"valueName":"search_term_string"}}],"inLanguage":"es"},{"@type":"Organization","@id":"https:\/\/terrazaeljardindelabuelo.es\/#organization","name":"Terraza El Jard\u00edn del Abuelo","url":"https:\/\/terrazaeljardindelabuelo.es\/","logo":{"@type":"ImageObject","inLanguage":"es","@id":"https:\/\/terrazaeljardindelabuelo.es\/#\/schema\/logo\/image\/","url":"https:\/\/terrazaeljardindelabuelo.es\/wp-content\/uploads\/2022\/05\/homeprincipaleljardinabuelo-1024x576.png","contentUrl":"https:\/\/terrazaeljardindelabuelo.es\/wp-content\/uploads\/2022\/05\/homeprincipaleljardinabuelo-1024x576.png","width":1024,"height":576,"caption":"Terraza El Jard\u00edn del Abuelo"},"image":{"@id":"https:\/\/terrazaeljardindelabuelo.es\/#\/schema\/logo\/image\/"}}]}},"_links":{"self":[{"href":"https:\/\/terrazaeljardindelabuelo.es\/index.php\/wp-json\/wp\/v2\/pages\/4892","targetHints":{"allow":["GET"]}}],"collection":[{"href":"https:\/\/terrazaeljardindelabuelo.es\/index.php\/wp-json\/wp\/v2\/pages"}],"about":[{"href":"https:\/\/terrazaeljardindelabuelo.es\/index.php\/wp-json\/wp\/v2\/types\/page"}],"author":[{"embeddable":true,"href":"https:\/\/terrazaeljardindelabuelo.es\/index.php\/wp-json\/wp\/v2\/users\/1"}],"replies":[{"embeddable":true,"href":"https:\/\/terrazaeljardindelabuelo.es\/index.php\/wp-json\/wp\/v2\/comments?post=4892"}],"version-history":[{"count":27,"href":"https:\/\/terrazaeljardindelabuelo.es\/index.php\/wp-json\/wp\/v2\/pages\/4892\/revisions"}],"predecessor-version":[{"id":6991,"href":"https:\/\/terrazaeljardindelabuelo.es\/index.php\/wp-json\/wp\/v2\/pages\/4892\/revisions\/6991"}],"wp:attachment":[{"href":"https:\/\/terrazaeljardindelabuelo.es\/index.php\/wp-json\/wp\/v2\/media?parent=4892"}],"curies":[{"name":"wp","href":"https:\/\/api.w.org\/{rel}","templated":true}]}}