{"id":6110,"date":"2022-04-06T04:05:08","date_gmt":"2022-04-06T04:05:08","guid":{"rendered":"https:\/\/patiotime.loftocean.com\/demo2\/?page_id=6110"},"modified":"2023-12-08T19:39:08","modified_gmt":"2023-12-08T18:39:08","slug":"reservas","status":"publish","type":"page","link":"https:\/\/terrazaeljardindelabuelo.es\/index.php\/reservas\/","title":{"rendered":"Reservas"},"content":{"rendered":"\t\t<div data-elementor-type=\"wp-page\" data-elementor-id=\"6110\" class=\"elementor elementor-6110\">\n\t\t\t\t\t\t<section class=\"elementor-section elementor-top-section elementor-element elementor-element-3f21b14 pt-section-content-fullwidth pt_scroll_y_120 pt-parallax-on-scroll elementor-section-boxed elementor-section-height-default elementor-section-height-default\" data-id=\"3f21b14\" data-element_type=\"section\" data-e-type=\"section\" data-settings=\"{&quot;background_background&quot;:&quot;classic&quot;}\" data-pt-parallax-y=\"120\" style=\"background-image: none;\" data-pt-background-image=\"https:\/\/terrazaeljardindelabuelo.es\/wp-content\/uploads\/2022\/05\/banner-zona-reservas-el-jardi\u0301n-del-abuelo.jpg\">\n\t\t\t\t\t\t\t<div class=\"elementor-background-overlay\"><\/div>\n\t\t\t\t\t\t\t<div class=\"elementor-container elementor-column-gap-no\">\n\t\t\t\t\t<div class=\"elementor-column elementor-col-100 elementor-top-column elementor-element elementor-element-18cf47b5 dark-color\" data-id=\"18cf47b5\" data-element_type=\"column\" data-e-type=\"column\">\n\t\t\t<div class=\"elementor-widget-wrap elementor-element-populated\">\n\t\t\t\t\t\t<div class=\"elementor-element elementor-element-44d0418 elementor-widget elementor-widget-spacer\" data-id=\"44d0418\" data-element_type=\"widget\" data-e-type=\"widget\" data-widget_type=\"spacer.default\">\n\t\t\t\t<div class=\"elementor-widget-container\">\n\t\t\t\t\t\t\t<div class=\"elementor-spacer\">\n\t\t\t<div class=\"elementor-spacer-inner\"><\/div>\n\t\t<\/div>\n\t\t\t\t\t\t<\/div>\n\t\t\t\t<\/div>\n\t\t\t\t\t<\/div>\n\t\t<\/div>\n\t\t\t\t\t<\/div>\n\t\t<\/section>\n\t\t\t\t<section class=\"elementor-section elementor-top-section elementor-element elementor-element-4e8e2920 elementor-section-boxed elementor-section-height-default elementor-section-height-default\" data-id=\"4e8e2920\" data-element_type=\"section\" data-e-type=\"section\" data-settings=\"{&quot;background_background&quot;:&quot;classic&quot;}\">\n\t\t\t\t\t\t\t<div class=\"elementor-background-overlay\"><\/div>\n\t\t\t\t\t\t\t<div class=\"elementor-container elementor-column-gap-no\">\n\t\t\t\t\t<div class=\"elementor-column elementor-col-100 elementor-top-column elementor-element elementor-element-226e4a0d\" data-id=\"226e4a0d\" data-element_type=\"column\" data-e-type=\"column\">\n\t\t\t<div class=\"elementor-widget-wrap elementor-element-populated\">\n\t\t\t\t\t\t<div class=\"elementor-element elementor-element-21a0fa60 elementor-widget elementor-widget-pt_title\" data-id=\"21a0fa60\" data-element_type=\"widget\" data-e-type=\"widget\" data-widget_type=\"pt_title.default\">\n\t\t\t\t<div class=\"elementor-widget-container\">\n\t\t\t\t\t\n        <div class=\"pt-title-wrap text-center\">\t            <div class=\"pt-subtitle-wrap\"><span class=\"pt-subtitle style-bordered\">Reservas Online<\/span><\/div>\t            <h4 class=\"pt-title\">\n\t                Reservar mesa\t            <\/h4>\t            <div class=\"pt-title-text\">\n\t                <p>Bienvenido\/a a nuestro oasis en Madrid, gracias por iniciar una experiencia a trav\u00e9s de nuestra cocina mediterr\u00e1nea donde nuestras ra\u00edces, experiencia, innovaci\u00f3n y equipo desean ser un anfitri\u00f3n perfecto, en esta p\u00e1gina podr\u00e1 reservar su mesa en Terraza o Interior, la reserva ser\u00e1 posteriormente revisada por nuestro equipo para confirmar.<\/p>\t            <\/div>        <\/div>\t\t\t\t<\/div>\n\t\t\t\t<\/div>\n\t\t\t\t<div class=\"elementor-element elementor-element-75eb267 elementor-widget elementor-widget-text-editor\" data-id=\"75eb267\" data-element_type=\"widget\" data-e-type=\"widget\" data-widget_type=\"text-editor.default\">\n\t\t\t\t<div class=\"elementor-widget-container\">\n\t\t\t\t\t\t\t\t\t<p>Para realizar una reserva llama al <a href=\"tel:+34 647972635\">647972635<\/a>&nbsp;o env\u00eda un whatsapp, te contestaremos en cuanto podamos.<\/p>\t\t\t\t\t\t\t\t<\/div>\n\t\t\t\t<\/div>\n\t\t\t\t\t<\/div>\n\t\t<\/div>\n\t\t\t\t\t<\/div>\n\t\t<\/section>\n\t\t\t\t<section class=\"elementor-section elementor-top-section elementor-element elementor-element-435dea6d elementor-section-boxed elementor-section-height-default elementor-section-height-default\" data-id=\"435dea6d\" data-element_type=\"section\" data-e-type=\"section\">\n\t\t\t\t\t\t<div class=\"elementor-container elementor-column-gap-no\">\n\t\t\t\t\t<div class=\"elementor-column elementor-col-50 elementor-top-column elementor-element elementor-element-31ea75f pt-animation-medium-offset elementor-invisible\" data-id=\"31ea75f\" data-element_type=\"column\" data-e-type=\"column\" data-settings=\"{&quot;animation&quot;:&quot;fadeInUp&quot;,&quot;animation_delay&quot;:100}\">\n\t\t\t<div class=\"elementor-widget-wrap elementor-element-populated\">\n\t\t\t\t\t\t<section class=\"elementor-section elementor-inner-section elementor-element elementor-element-339a5c3d elementor-section-boxed elementor-section-height-default elementor-section-height-default\" data-id=\"339a5c3d\" data-element_type=\"section\" data-e-type=\"section\">\n\t\t\t\t\t\t<div class=\"elementor-container elementor-column-gap-no\">\n\t\t\t\t\t<div class=\"elementor-column elementor-col-50 elementor-inner-column elementor-element elementor-element-4fd63f8e\" data-id=\"4fd63f8e\" data-element_type=\"column\" data-e-type=\"column\">\n\t\t\t<div class=\"elementor-widget-wrap elementor-element-populated\">\n\t\t\t\t\t\t<div class=\"elementor-element elementor-element-2b4ca4a2 elementor-widget elementor-widget-pt_call_to_action\" data-id=\"2b4ca4a2\" data-element_type=\"widget\" data-e-type=\"widget\" data-settings=\"{&quot;overlay_background&quot;:&quot;classic&quot;}\" data-widget_type=\"pt_call_to_action.default\">\n\t\t\t\t<div class=\"elementor-widget-container\">\n\t\t\t\t\t\n\t\t<div class=\"pt-cta cta-layout-text-overlap content-bottom text-center cta-hover-img-zoom dark-color\">\n            <div class=\"pt-cta-wrap\">\t                <div class=\"pt-cta-img\">\n\t                    <img fetchpriority=\"high\" decoding=\"async\" width=\"768\" height=\"1152\" src=\"https:\/\/terrazaeljardindelabuelo.es\/wp-content\/uploads\/2022\/04\/klara-kulikova-OK-BHu6OgtQ-unsplash.jpg\" class=\"attachment-full size-full wp-image-6113\" alt=\"\" srcset=\"https:\/\/terrazaeljardindelabuelo.es\/wp-content\/uploads\/2022\/04\/klara-kulikova-OK-BHu6OgtQ-unsplash.jpg 768w, https:\/\/terrazaeljardindelabuelo.es\/wp-content\/uploads\/2022\/04\/klara-kulikova-OK-BHu6OgtQ-unsplash-200x300.jpg 200w, https:\/\/terrazaeljardindelabuelo.es\/wp-content\/uploads\/2022\/04\/klara-kulikova-OK-BHu6OgtQ-unsplash-683x1024.jpg 683w, https:\/\/terrazaeljardindelabuelo.es\/wp-content\/uploads\/2022\/04\/klara-kulikova-OK-BHu6OgtQ-unsplash-600x900.jpg 600w, https:\/\/terrazaeljardindelabuelo.es\/wp-content\/uploads\/2022\/04\/klara-kulikova-OK-BHu6OgtQ-unsplash-550x825.jpg 550w, https:\/\/terrazaeljardindelabuelo.es\/wp-content\/uploads\/2022\/04\/klara-kulikova-OK-BHu6OgtQ-unsplash-370x555.jpg 370w, https:\/\/terrazaeljardindelabuelo.es\/wp-content\/uploads\/2022\/04\/klara-kulikova-OK-BHu6OgtQ-unsplash-255x383.jpg 255w, https:\/\/terrazaeljardindelabuelo.es\/wp-content\/uploads\/2022\/04\/klara-kulikova-OK-BHu6OgtQ-unsplash-100x150.jpg 100w\" sizes=\"(max-width: 768px) 100vw, 768px\" \/>\t                <\/div>                <div class=\"pt-cta-overlay\"><\/div>\n\n                <div class=\"pt-cta-content\">\t\t\t\t\t<div class=\"pt-subtitle-wrap\"><span class=\"pt-subtitle color-white\">Recomendaci\u00f3n<\/span><\/div>\t\t            <h6 class=\"pt-cta-title pt-title\">\n\t\t                Nuestros men\u00fas\t\t            <\/h6>\t                <div class=\"pt-cta-btn\">\n\t                    <a class=\"button pt-btn-underline pt-btn-small\" role=\"button\" href=\"https:\/\/terrazaeljardindelabuelo.es\/index.php\/menu-especial-2\/\" target=\"_blank\">\n\t                        <span class=\"pt-btn-text\">Descubrir m\u00e1s<\/span>\n\t                    <\/a>\n\t                <\/div>\t\t\t<\/div>                <a class=\"pt-cta-link\" href=\"#\"><\/a>            <\/div>\n        <\/div>\t\t\t\t<\/div>\n\t\t\t\t<\/div>\n\t\t\t\t\t<\/div>\n\t\t<\/div>\n\t\t\t\t<div class=\"elementor-column elementor-col-50 elementor-inner-column elementor-element elementor-element-34978c5d\" data-id=\"34978c5d\" data-element_type=\"column\" data-e-type=\"column\">\n\t\t\t<div class=\"elementor-widget-wrap elementor-element-populated\">\n\t\t\t\t\t\t<div class=\"elementor-element elementor-element-6113828c elementor-widget elementor-widget-pt_call_to_action\" data-id=\"6113828c\" data-element_type=\"widget\" data-e-type=\"widget\" data-settings=\"{&quot;overlay_background&quot;:&quot;classic&quot;}\" data-widget_type=\"pt_call_to_action.default\">\n\t\t\t\t<div class=\"elementor-widget-container\">\n\t\t\t\t\t\n\t\t<div class=\"pt-cta cta-layout-text-overlap content-top text-center cta-hover-img-zoom dark-color\">\n            <div class=\"pt-cta-wrap\">\t                <div class=\"pt-cta-img\">\n\t                    <img decoding=\"async\" width=\"768\" height=\"1152\" src=\"https:\/\/terrazaeljardindelabuelo.es\/wp-content\/uploads\/2022\/04\/klara-kulikova-I2t7NJNJHgs-unsplash.jpg\" class=\"attachment-full size-full wp-image-6114\" alt=\"\" srcset=\"https:\/\/terrazaeljardindelabuelo.es\/wp-content\/uploads\/2022\/04\/klara-kulikova-I2t7NJNJHgs-unsplash.jpg 768w, https:\/\/terrazaeljardindelabuelo.es\/wp-content\/uploads\/2022\/04\/klara-kulikova-I2t7NJNJHgs-unsplash-200x300.jpg 200w, https:\/\/terrazaeljardindelabuelo.es\/wp-content\/uploads\/2022\/04\/klara-kulikova-I2t7NJNJHgs-unsplash-683x1024.jpg 683w, https:\/\/terrazaeljardindelabuelo.es\/wp-content\/uploads\/2022\/04\/klara-kulikova-I2t7NJNJHgs-unsplash-600x900.jpg 600w, https:\/\/terrazaeljardindelabuelo.es\/wp-content\/uploads\/2022\/04\/klara-kulikova-I2t7NJNJHgs-unsplash-550x825.jpg 550w, https:\/\/terrazaeljardindelabuelo.es\/wp-content\/uploads\/2022\/04\/klara-kulikova-I2t7NJNJHgs-unsplash-370x555.jpg 370w, https:\/\/terrazaeljardindelabuelo.es\/wp-content\/uploads\/2022\/04\/klara-kulikova-I2t7NJNJHgs-unsplash-255x383.jpg 255w, https:\/\/terrazaeljardindelabuelo.es\/wp-content\/uploads\/2022\/04\/klara-kulikova-I2t7NJNJHgs-unsplash-100x150.jpg 100w\" sizes=\"(max-width: 768px) 100vw, 768px\" \/>\t                <\/div>                <div class=\"pt-cta-overlay\"><\/div>\n\n                <div class=\"pt-cta-content\">\t\t\t\t\t<div class=\"pt-subtitle-wrap\"><span class=\"pt-subtitle color-white\">Lo dulce<\/span><\/div>\t\t            <h6 class=\"pt-cta-title pt-title\">\n\t\t                Postres caseros\t\t            <\/h6>\t                <div class=\"pt-cta-btn\">\n\t                    <a class=\"button pt-btn-underline pt-btn-small\" role=\"button\" href=\"https:\/\/terrazaeljardindelabuelo.es\/index.php\/nuestra-carta\/\" target=\"_blank\">\n\t                        <span class=\"pt-btn-text\">A la carta<\/span>\n\t                    <\/a>\n\t                <\/div>\t\t\t<\/div>                <a class=\"pt-cta-link\" href=\"#\"><\/a>            <\/div>\n        <\/div>\t\t\t\t<\/div>\n\t\t\t\t<\/div>\n\t\t\t\t\t<\/div>\n\t\t<\/div>\n\t\t\t\t\t<\/div>\n\t\t<\/section>\n\t\t\t\t\t<\/div>\n\t\t<\/div>\n\t\t\t\t<div class=\"elementor-column elementor-col-50 elementor-top-column elementor-element elementor-element-757b587e\" data-id=\"757b587e\" data-element_type=\"column\" data-e-type=\"column\">\n\t\t\t<div class=\"elementor-widget-wrap elementor-element-populated\">\n\t\t\t\t\t\t<div class=\"elementor-element elementor-element-10d31d10 elementor-widget elementor-widget-pt_title\" data-id=\"10d31d10\" data-element_type=\"widget\" data-e-type=\"widget\" data-widget_type=\"pt_title.default\">\n\t\t\t\t<div class=\"elementor-widget-container\">\n\t\t\t\t\t\n        <div class=\"pt-title-wrap\">\t            <div class=\"pt-subtitle-wrap\"><span class=\"pt-subtitle\">\u00bfNecesitas contactar?<\/span><\/div>\t            <h5 class=\"pt-title\">\n\t                El Jard\u00edn del abuelo\t            <\/h5>\t            <div class=\"pt-title-text\">\n\t                <p>Si necesita contactar con nuestro equipo, facilitamos nuestros datos y localizaci\u00f3n para un r\u00e1pido contacto para resolver dudas o realizar otras consultas.\u00a0<\/p>\t            <\/div>        <\/div>\t\t\t\t<\/div>\n\t\t\t\t<\/div>\n\t\t\t\t<div class=\"elementor-element elementor-element-32df441c elementor-icon-list--layout-traditional elementor-list-item-link-full_width elementor-widget elementor-widget-icon-list\" data-id=\"32df441c\" data-element_type=\"widget\" data-e-type=\"widget\" data-widget_type=\"icon-list.default\">\n\t\t\t\t<div class=\"elementor-widget-container\">\n\t\t\t\t\t\t\t<ul class=\"elementor-icon-list-items\">\n\t\t\t\t\t\t\t<li class=\"elementor-icon-list-item\">\n\t\t\t\t\t\t\t\t\t\t\t<a href=\"#\">\n\n\t\t\t\t\t\t\t\t\t\t\t\t<span class=\"elementor-icon-list-icon\">\n\t\t\t\t\t\t\t<i aria-hidden=\"true\" class=\"fas fa-map-marker-alt\"><\/i>\t\t\t\t\t\t<\/span>\n\t\t\t\t\t\t\t\t\t\t<span class=\"elementor-icon-list-text\">Calle de Puerto Rico, 34, 28016 Madrid.<\/span>\n\t\t\t\t\t\t\t\t\t\t\t<\/a>\n\t\t\t\t\t\t\t\t\t<\/li>\n\t\t\t\t\t\t\t\t<li class=\"elementor-icon-list-item\">\n\t\t\t\t\t\t\t\t\t\t\t<a href=\"mailto:terrazaeljardindelabuelo@gmail.com\">\n\n\t\t\t\t\t\t\t\t\t\t\t\t<span class=\"elementor-icon-list-icon\">\n\t\t\t\t\t\t\t<i aria-hidden=\"true\" class=\"far fa-envelope\"><\/i>\t\t\t\t\t\t<\/span>\n\t\t\t\t\t\t\t\t\t\t<span class=\"elementor-icon-list-text\">terrazaeljardindelabuelo@gmail.com<\/span>\n\t\t\t\t\t\t\t\t\t\t\t<\/a>\n\t\t\t\t\t\t\t\t\t<\/li>\n\t\t\t\t\t\t\t\t<li class=\"elementor-icon-list-item\">\n\t\t\t\t\t\t\t\t\t\t\t<a href=\"tel:+34647972635\">\n\n\t\t\t\t\t\t\t\t\t\t\t\t<span class=\"elementor-icon-list-icon\">\n\t\t\t\t\t\t\t<i aria-hidden=\"true\" class=\"fas fa-phone\"><\/i>\t\t\t\t\t\t<\/span>\n\t\t\t\t\t\t\t\t\t\t<span class=\"elementor-icon-list-text\">+34 647972635<\/span>\n\t\t\t\t\t\t\t\t\t\t\t<\/a>\n\t\t\t\t\t\t\t\t\t<\/li>\n\t\t\t\t\t\t<\/ul>\n\t\t\t\t\t\t<\/div>\n\t\t\t\t<\/div>\n\t\t\t\t<div class=\"elementor-element elementor-element-1f9101d5 elementor-widget elementor-widget-pt_button\" data-id=\"1f9101d5\" data-element_type=\"widget\" data-e-type=\"widget\" data-widget_type=\"pt_button.default\">\n\t\t\t\t<div class=\"elementor-widget-container\">\n\t\t\t\t\t        <a href=\"https:\/\/goo.gl\/maps\/vvJaNssSHBxJsevZ8\" class=\"elementor-button-link button pt-btn-underline\" role=\"button\">\n            <span class=\"pt-btn-text\">C\u00f3mo Llegar<\/span>\n        <\/a>\t\t\t\t<\/div>\n\t\t\t\t<\/div>\n\t\t\t\t\t<\/div>\n\t\t<\/div>\n\t\t\t\t\t<\/div>\n\t\t<\/section>\n\t\t\t\t<section class=\"elementor-section elementor-top-section elementor-element elementor-element-a1bc42d elementor-section-boxed elementor-section-height-default elementor-section-height-default\" data-id=\"a1bc42d\" data-element_type=\"section\" data-e-type=\"section\">\n\t\t\t\t\t\t<div class=\"elementor-container elementor-column-gap-default\">\n\t\t\t\t\t<div class=\"elementor-column elementor-col-100 elementor-top-column elementor-element elementor-element-f65e824\" data-id=\"f65e824\" data-element_type=\"column\" data-e-type=\"column\">\n\t\t\t<div class=\"elementor-widget-wrap elementor-element-populated\">\n\t\t\t\t\t\t<div class=\"elementor-element elementor-element-76cea45 elementor-widget elementor-widget-spacer\" data-id=\"76cea45\" data-element_type=\"widget\" data-e-type=\"widget\" data-widget_type=\"spacer.default\">\n\t\t\t\t<div class=\"elementor-widget-container\">\n\t\t\t\t\t\t\t<div class=\"elementor-spacer\">\n\t\t\t<div class=\"elementor-spacer-inner\"><\/div>\n\t\t<\/div>\n\t\t\t\t\t\t<\/div>\n\t\t\t\t<\/div>\n\t\t\t\t\t<\/div>\n\t\t<\/div>\n\t\t\t\t\t<\/div>\n\t\t<\/section>\n\t\t\t\t<\/div>\n\t\t","protected":false},"excerpt":{"rendered":"<p>Reservas Online Reservar mesa Bienvenido\/a a nuestro oasis en Madrid, gracias por iniciar una experiencia a trav\u00e9s de nuestra cocina mediterr\u00e1nea donde nuestras ra\u00edces, experiencia, innovaci\u00f3n y equipo desean ser un anfitri\u00f3n perfecto, en esta p\u00e1gina podr\u00e1 reservar su mesa en Terraza o Interior, la reserva ser\u00e1 posteriormente revisada por nuestro equipo para confirmar. Para &#8230;<\/p>\n","protected":false},"author":1,"featured_media":0,"parent":0,"menu_order":0,"comment_status":"closed","ping_status":"closed","template":"template-wide-content.php","meta":{"patiotime_single_page_hide_site_header":"","patiotime_single_page_site_header_source":"","patiotime_single_page_custom_site_header":"0","patiotime_single_page_custom_sticky_site_header":"0","patiotime_single_page_hide_page_title":"on","patiotime_single_page_header_section_size":"","patiotime_single_page_header_background_color":"","patiotime_single_page_header_background_position_x":"center","patiotime_single_page_header_background_position_y":"center","patiotime_single_page_header_background_size":"cover","patiotime_single_page_header_background_repeat":"off","patiotime_single_page_header_background_scroll":"on","patiotime_single_page_header_text_color":"","patiotime_single_page_header_show_breadcrumb":"","patiotime_single_page_site_footer_hide_main":"","patiotime_single_page_site_footer_hide_above":"on","patiotime_single_page_site_footer_hide_instagram":"","patiotime_single_page_site_footer_hide_bottom":"","footnotes":""},"class_list":["post-6110","page","type-page","status-publish","hentry"],"yoast_head":"<!-- This site is optimized with the Yoast SEO plugin v27.4 - https:\/\/yoast.com\/product\/yoast-seo-wordpress\/ -->\n<title>Reservas - El Jard\u00edn del Abuelo<\/title>\n<meta name=\"description\" content=\"En esta p\u00e1gina podr\u00e1 usted realizar sus reservas en un oasis gastron\u00f3mico en pleno coraz\u00f3n de Madrid, le esperamos en nuestra casa.\" \/>\n<meta name=\"robots\" content=\"index, follow, max-snippet:-1, max-image-preview:large, max-video-preview:-1\" \/>\n<link rel=\"canonical\" href=\"https:\/\/terrazaeljardindelabuelo.es\/index.php\/reservas\/\" \/>\n<meta property=\"og:locale\" content=\"es_ES\" \/>\n<meta property=\"og:type\" content=\"article\" \/>\n<meta property=\"og:title\" content=\"Reservas - El Jard\u00edn del Abuelo\" \/>\n<meta property=\"og:description\" content=\"En esta p\u00e1gina podr\u00e1 usted realizar sus reservas en un oasis gastron\u00f3mico en pleno coraz\u00f3n de Madrid, le esperamos en nuestra casa.\" \/>\n<meta property=\"og:url\" content=\"https:\/\/terrazaeljardindelabuelo.es\/index.php\/reservas\/\" \/>\n<meta property=\"og:site_name\" content=\"El Jard\u00edn del Abuelo\" \/>\n<meta property=\"article:modified_time\" content=\"2023-12-08T18:39:08+00:00\" \/>\n<meta property=\"og:image\" content=\"https:\/\/terrazaeljardindelabuelo.es\/wp-content\/uploads\/2022\/04\/klara-kulikova-OK-BHu6OgtQ-unsplash.jpg\" \/>\n<meta name=\"twitter:card\" content=\"summary_large_image\" \/>\n<meta name=\"twitter:label1\" content=\"Tiempo de lectura\" \/>\n\t<meta name=\"twitter:data1\" content=\"1 minuto\" \/>\n<script type=\"application\/ld+json\" class=\"yoast-schema-graph\">{\"@context\":\"https:\\\/\\\/schema.org\",\"@graph\":[{\"@type\":\"WebPage\",\"@id\":\"https:\\\/\\\/terrazaeljardindelabuelo.es\\\/index.php\\\/reservas\\\/\",\"url\":\"https:\\\/\\\/terrazaeljardindelabuelo.es\\\/index.php\\\/reservas\\\/\",\"name\":\"Reservas - El Jard\u00edn del Abuelo\",\"isPartOf\":{\"@id\":\"https:\\\/\\\/terrazaeljardindelabuelo.es\\\/#website\"},\"primaryImageOfPage\":{\"@id\":\"https:\\\/\\\/terrazaeljardindelabuelo.es\\\/index.php\\\/reservas\\\/#primaryimage\"},\"image\":{\"@id\":\"https:\\\/\\\/terrazaeljardindelabuelo.es\\\/index.php\\\/reservas\\\/#primaryimage\"},\"thumbnailUrl\":\"https:\\\/\\\/terrazaeljardindelabuelo.es\\\/wp-content\\\/uploads\\\/2022\\\/04\\\/klara-kulikova-OK-BHu6OgtQ-unsplash.jpg\",\"datePublished\":\"2022-04-06T04:05:08+00:00\",\"dateModified\":\"2023-12-08T18:39:08+00:00\",\"description\":\"En esta p\u00e1gina podr\u00e1 usted realizar sus reservas en un oasis gastron\u00f3mico en pleno coraz\u00f3n de Madrid, le esperamos en nuestra casa.\",\"breadcrumb\":{\"@id\":\"https:\\\/\\\/terrazaeljardindelabuelo.es\\\/index.php\\\/reservas\\\/#breadcrumb\"},\"inLanguage\":\"es\",\"potentialAction\":[{\"@type\":\"ReadAction\",\"target\":[\"https:\\\/\\\/terrazaeljardindelabuelo.es\\\/index.php\\\/reservas\\\/\"]}]},{\"@type\":\"ImageObject\",\"inLanguage\":\"es\",\"@id\":\"https:\\\/\\\/terrazaeljardindelabuelo.es\\\/index.php\\\/reservas\\\/#primaryimage\",\"url\":\"https:\\\/\\\/terrazaeljardindelabuelo.es\\\/wp-content\\\/uploads\\\/2022\\\/04\\\/klara-kulikova-OK-BHu6OgtQ-unsplash.jpg\",\"contentUrl\":\"https:\\\/\\\/terrazaeljardindelabuelo.es\\\/wp-content\\\/uploads\\\/2022\\\/04\\\/klara-kulikova-OK-BHu6OgtQ-unsplash.jpg\",\"width\":768,\"height\":1152},{\"@type\":\"BreadcrumbList\",\"@id\":\"https:\\\/\\\/terrazaeljardindelabuelo.es\\\/index.php\\\/reservas\\\/#breadcrumb\",\"itemListElement\":[{\"@type\":\"ListItem\",\"position\":1,\"name\":\"Inicio\",\"item\":\"https:\\\/\\\/terrazaeljardindelabuelo.es\\\/\"},{\"@type\":\"ListItem\",\"position\":2,\"name\":\"Reservas\"}]},{\"@type\":\"WebSite\",\"@id\":\"https:\\\/\\\/terrazaeljardindelabuelo.es\\\/#website\",\"url\":\"https:\\\/\\\/terrazaeljardindelabuelo.es\\\/\",\"name\":\"El Jard\u00edn del Abuelo\",\"description\":\"Cocina Mediterr\u00e1nea\",\"publisher\":{\"@id\":\"https:\\\/\\\/terrazaeljardindelabuelo.es\\\/#organization\"},\"potentialAction\":[{\"@type\":\"SearchAction\",\"target\":{\"@type\":\"EntryPoint\",\"urlTemplate\":\"https:\\\/\\\/terrazaeljardindelabuelo.es\\\/?s={search_term_string}\"},\"query-input\":{\"@type\":\"PropertyValueSpecification\",\"valueRequired\":true,\"valueName\":\"search_term_string\"}}],\"inLanguage\":\"es\"},{\"@type\":\"Organization\",\"@id\":\"https:\\\/\\\/terrazaeljardindelabuelo.es\\\/#organization\",\"name\":\"Terraza El Jard\u00edn del Abuelo\",\"url\":\"https:\\\/\\\/terrazaeljardindelabuelo.es\\\/\",\"logo\":{\"@type\":\"ImageObject\",\"inLanguage\":\"es\",\"@id\":\"https:\\\/\\\/terrazaeljardindelabuelo.es\\\/#\\\/schema\\\/logo\\\/image\\\/\",\"url\":\"https:\\\/\\\/terrazaeljardindelabuelo.es\\\/wp-content\\\/uploads\\\/2022\\\/05\\\/homeprincipaleljardinabuelo-1024x576.png\",\"contentUrl\":\"https:\\\/\\\/terrazaeljardindelabuelo.es\\\/wp-content\\\/uploads\\\/2022\\\/05\\\/homeprincipaleljardinabuelo-1024x576.png\",\"width\":1024,\"height\":576,\"caption\":\"Terraza El Jard\u00edn del Abuelo\"},\"image\":{\"@id\":\"https:\\\/\\\/terrazaeljardindelabuelo.es\\\/#\\\/schema\\\/logo\\\/image\\\/\"}}]}<\/script>\n<!-- \/ Yoast SEO plugin. -->","yoast_head_json":{"title":"Reservas - El Jard\u00edn del Abuelo","description":"En esta p\u00e1gina podr\u00e1 usted realizar sus reservas en un oasis gastron\u00f3mico en pleno coraz\u00f3n de Madrid, le esperamos en nuestra casa.","robots":{"index":"index","follow":"follow","max-snippet":"max-snippet:-1","max-image-preview":"max-image-preview:large","max-video-preview":"max-video-preview:-1"},"canonical":"https:\/\/terrazaeljardindelabuelo.es\/index.php\/reservas\/","og_locale":"es_ES","og_type":"article","og_title":"Reservas - El Jard\u00edn del Abuelo","og_description":"En esta p\u00e1gina podr\u00e1 usted realizar sus reservas en un oasis gastron\u00f3mico en pleno coraz\u00f3n de Madrid, le esperamos en nuestra casa.","og_url":"https:\/\/terrazaeljardindelabuelo.es\/index.php\/reservas\/","og_site_name":"El Jard\u00edn del Abuelo","article_modified_time":"2023-12-08T18:39:08+00:00","og_image":[{"url":"https:\/\/terrazaeljardindelabuelo.es\/wp-content\/uploads\/2022\/04\/klara-kulikova-OK-BHu6OgtQ-unsplash.jpg","type":"","width":"","height":""}],"twitter_card":"summary_large_image","twitter_misc":{"Tiempo de lectura":"1 minuto"},"schema":{"@context":"https:\/\/schema.org","@graph":[{"@type":"WebPage","@id":"https:\/\/terrazaeljardindelabuelo.es\/index.php\/reservas\/","url":"https:\/\/terrazaeljardindelabuelo.es\/index.php\/reservas\/","name":"Reservas - El Jard\u00edn del Abuelo","isPartOf":{"@id":"https:\/\/terrazaeljardindelabuelo.es\/#website"},"primaryImageOfPage":{"@id":"https:\/\/terrazaeljardindelabuelo.es\/index.php\/reservas\/#primaryimage"},"image":{"@id":"https:\/\/terrazaeljardindelabuelo.es\/index.php\/reservas\/#primaryimage"},"thumbnailUrl":"https:\/\/terrazaeljardindelabuelo.es\/wp-content\/uploads\/2022\/04\/klara-kulikova-OK-BHu6OgtQ-unsplash.jpg","datePublished":"2022-04-06T04:05:08+00:00","dateModified":"2023-12-08T18:39:08+00:00","description":"En esta p\u00e1gina podr\u00e1 usted realizar sus reservas en un oasis gastron\u00f3mico en pleno coraz\u00f3n de Madrid, le esperamos en nuestra casa.","breadcrumb":{"@id":"https:\/\/terrazaeljardindelabuelo.es\/index.php\/reservas\/#breadcrumb"},"inLanguage":"es","potentialAction":[{"@type":"ReadAction","target":["https:\/\/terrazaeljardindelabuelo.es\/index.php\/reservas\/"]}]},{"@type":"ImageObject","inLanguage":"es","@id":"https:\/\/terrazaeljardindelabuelo.es\/index.php\/reservas\/#primaryimage","url":"https:\/\/terrazaeljardindelabuelo.es\/wp-content\/uploads\/2022\/04\/klara-kulikova-OK-BHu6OgtQ-unsplash.jpg","contentUrl":"https:\/\/terrazaeljardindelabuelo.es\/wp-content\/uploads\/2022\/04\/klara-kulikova-OK-BHu6OgtQ-unsplash.jpg","width":768,"height":1152},{"@type":"BreadcrumbList","@id":"https:\/\/terrazaeljardindelabuelo.es\/index.php\/reservas\/#breadcrumb","itemListElement":[{"@type":"ListItem","position":1,"name":"Inicio","item":"https:\/\/terrazaeljardindelabuelo.es\/"},{"@type":"ListItem","position":2,"name":"Reservas"}]},{"@type":"WebSite","@id":"https:\/\/terrazaeljardindelabuelo.es\/#website","url":"https:\/\/terrazaeljardindelabuelo.es\/","name":"El Jard\u00edn del Abuelo","description":"Cocina Mediterr\u00e1nea","publisher":{"@id":"https:\/\/terrazaeljardindelabuelo.es\/#organization"},"potentialAction":[{"@type":"SearchAction","target":{"@type":"EntryPoint","urlTemplate":"https:\/\/terrazaeljardindelabuelo.es\/?s={search_term_string}"},"query-input":{"@type":"PropertyValueSpecification","valueRequired":true,"valueName":"search_term_string"}}],"inLanguage":"es"},{"@type":"Organization","@id":"https:\/\/terrazaeljardindelabuelo.es\/#organization","name":"Terraza El Jard\u00edn del Abuelo","url":"https:\/\/terrazaeljardindelabuelo.es\/","logo":{"@type":"ImageObject","inLanguage":"es","@id":"https:\/\/terrazaeljardindelabuelo.es\/#\/schema\/logo\/image\/","url":"https:\/\/terrazaeljardindelabuelo.es\/wp-content\/uploads\/2022\/05\/homeprincipaleljardinabuelo-1024x576.png","contentUrl":"https:\/\/terrazaeljardindelabuelo.es\/wp-content\/uploads\/2022\/05\/homeprincipaleljardinabuelo-1024x576.png","width":1024,"height":576,"caption":"Terraza El Jard\u00edn del Abuelo"},"image":{"@id":"https:\/\/terrazaeljardindelabuelo.es\/#\/schema\/logo\/image\/"}}]}},"_links":{"self":[{"href":"https:\/\/terrazaeljardindelabuelo.es\/index.php\/wp-json\/wp\/v2\/pages\/6110","targetHints":{"allow":["GET"]}}],"collection":[{"href":"https:\/\/terrazaeljardindelabuelo.es\/index.php\/wp-json\/wp\/v2\/pages"}],"about":[{"href":"https:\/\/terrazaeljardindelabuelo.es\/index.php\/wp-json\/wp\/v2\/types\/page"}],"author":[{"embeddable":true,"href":"https:\/\/terrazaeljardindelabuelo.es\/index.php\/wp-json\/wp\/v2\/users\/1"}],"replies":[{"embeddable":true,"href":"https:\/\/terrazaeljardindelabuelo.es\/index.php\/wp-json\/wp\/v2\/comments?post=6110"}],"version-history":[{"count":37,"href":"https:\/\/terrazaeljardindelabuelo.es\/index.php\/wp-json\/wp\/v2\/pages\/6110\/revisions"}],"predecessor-version":[{"id":7222,"href":"https:\/\/terrazaeljardindelabuelo.es\/index.php\/wp-json\/wp\/v2\/pages\/6110\/revisions\/7222"}],"wp:attachment":[{"href":"https:\/\/terrazaeljardindelabuelo.es\/index.php\/wp-json\/wp\/v2\/media?parent=6110"}],"curies":[{"name":"wp","href":"https:\/\/api.w.org\/{rel}","templated":true}]}}