{"id":6740,"date":"2022-05-09T13:06:00","date_gmt":"2022-05-09T13:06:00","guid":{"rendered":"https:\/\/terrazaeljardindelabuelo.es\/?page_id=6740"},"modified":"2024-01-19T17:41:32","modified_gmt":"2024-01-19T16:41:32","slug":"menu-especial-1","status":"publish","type":"page","link":"https:\/\/terrazaeljardindelabuelo.es\/index.php\/menu-especial-1\/","title":{"rendered":"Men\u00fa Especial 1"},"content":{"rendered":"\t\t<div data-elementor-type=\"wp-page\" data-elementor-id=\"6740\" class=\"elementor elementor-6740\">\n\t\t\t\t\t\t<section class=\"elementor-section elementor-top-section elementor-element elementor-element-31db0f9 elementor-section-boxed elementor-section-height-default elementor-section-height-default\" data-id=\"31db0f9\" data-element_type=\"section\" data-e-type=\"section\">\n\t\t\t\t\t\t<div class=\"elementor-container elementor-column-gap-default\">\n\t\t\t\t\t<div class=\"elementor-column elementor-col-100 elementor-top-column elementor-element elementor-element-841becb\" data-id=\"841becb\" data-element_type=\"column\" data-e-type=\"column\">\n\t\t\t<div class=\"elementor-widget-wrap elementor-element-populated\">\n\t\t\t\t\t\t<div class=\"elementor-element elementor-element-5ae8d1d elementor-widget elementor-widget-pt_title\" data-id=\"5ae8d1d\" data-element_type=\"widget\" data-e-type=\"widget\" data-widget_type=\"pt_title.default\">\n\t\t\t\t<div class=\"elementor-widget-container\">\n\t\t\t\t\t\n        <div class=\"pt-title-wrap text-center\">\t            <div class=\"pt-subtitle-wrap\"><span class=\"pt-subtitle\">Men\u00fas especiales y de grupo.<\/span><\/div>        <\/div>\t\t\t\t<\/div>\n\t\t\t\t<\/div>\n\t\t\t\t\t<\/div>\n\t\t<\/div>\n\t\t\t\t\t<\/div>\n\t\t<\/section>\n\t\t\t\t<section class=\"elementor-section elementor-top-section elementor-element elementor-element-4f0da3f8 elementor-section-boxed elementor-section-height-default elementor-section-height-default\" data-id=\"4f0da3f8\" data-element_type=\"section\" data-e-type=\"section\">\n\t\t\t\t\t\t<div class=\"elementor-container elementor-column-gap-default\">\n\t\t\t\t\t<div class=\"elementor-column elementor-col-100 elementor-top-column elementor-element elementor-element-42c09dbf\" data-id=\"42c09dbf\" data-element_type=\"column\" data-e-type=\"column\">\n\t\t\t<div class=\"elementor-widget-wrap elementor-element-populated\">\n\t\t\t\t\t\t<div class=\"elementor-element elementor-element-2255037b elementor-widget elementor-widget-pt_title\" data-id=\"2255037b\" data-element_type=\"widget\" data-e-type=\"widget\" data-widget_type=\"pt_title.default\">\n\t\t\t\t<div class=\"elementor-widget-container\">\n\t\t\t\t\t\n        <div class=\"pt-title-wrap text-center\">\t            <div class=\"pt-subtitle-wrap\"><span class=\"pt-subtitle\">Informaci\u00f3n Adicional<\/span><\/div>\t            <div class=\"pt-title-text\">\n\t                <p style=\"font-size: 18px;\"><span style=\"font-weight: bolder;\">Sobre la composici\u00f3n del men\u00fa o men\u00fas especiales:<\/span><\/p>\n<p style=\"font-size: 18px;\">Quisi\u00e9ramos indicarle que usted puede consultar con nuestro equipo para la composici\u00f3n y sugerencia de un men\u00fa adaptado a sus gustos y necesidades siempre que pueda estar dentro de nuestra carta y elaboraciones.&nbsp;<\/p>\n<p style=\"margin-bottom: 0px; font-size: 18px;\">Le rogamos que si es la opci\u00f3n que desea contacte con nosotros para trabajar en la confecci\u00f3n del men\u00fa.<\/p>\n<p><strong style=\"font-size: inherit; color: var(--content-color); background-color: var(--bg-color); font-family: var(--body-font);\">Para Reservas:<\/strong><br><\/p>\n<p>647972635 tambi\u00e9n whatsapp<\/p>\n<p><a href=\"mailto:terrazaeljardindelabuelo@gmail.com\">terrazaeljardindelabuelo@gmail.com<\/a><\/p>\n<p><br><\/p>\t            <\/div>        <\/div>\t\t\t\t<\/div>\n\t\t\t\t<\/div>\n\t\t\t\t\t<\/div>\n\t\t<\/div>\n\t\t\t\t\t<\/div>\n\t\t<\/section>\n\t\t\t\t<\/div>\n\t\t","protected":false},"excerpt":{"rendered":"<p>Men\u00fas especiales y de grupo. Informaci\u00f3n Adicional Sobre la composici\u00f3n del men\u00fa o men\u00fas especiales: Quisi\u00e9ramos indicarle que usted puede consultar con nuestro equipo para la composici\u00f3n y sugerencia de un men\u00fa adaptado a sus gustos y necesidades siempre que pueda estar dentro de nuestra carta y elaboraciones.&nbsp; Le rogamos que si es la opci\u00f3n &#8230;<\/p>\n","protected":false},"author":1,"featured_media":0,"parent":0,"menu_order":0,"comment_status":"closed","ping_status":"closed","template":"template-wide-content.php","meta":{"patiotime_single_page_hide_site_header":"","patiotime_single_page_site_header_source":"","patiotime_single_page_custom_site_header":"0","patiotime_single_page_custom_sticky_site_header":"0","patiotime_single_page_hide_page_title":"","patiotime_single_page_header_section_size":"","patiotime_single_page_header_background_color":"","patiotime_single_page_header_background_position_x":"center","patiotime_single_page_header_background_position_y":"center","patiotime_single_page_header_background_size":"cover","patiotime_single_page_header_background_repeat":"off","patiotime_single_page_header_background_scroll":"on","patiotime_single_page_header_text_color":"","patiotime_single_page_header_show_breadcrumb":"","patiotime_single_page_site_footer_hide_main":"","patiotime_single_page_site_footer_hide_above":"","patiotime_single_page_site_footer_hide_instagram":"","patiotime_single_page_site_footer_hide_bottom":"","footnotes":""},"class_list":["post-6740","page","type-page","status-publish","hentry"],"yoast_head":"<!-- This site is optimized with the Yoast SEO plugin v27.4 - https:\/\/yoast.com\/product\/yoast-seo-wordpress\/ -->\n<title>Men\u00fa Especial 1 - El Jard\u00edn del Abuelo<\/title>\n<meta name=\"description\" content=\"En el Jard\u00edn del Abuelo puede usted disfrutar de nuestro men\u00fas especial, en esta p\u00e1gina le presentamos un men\u00fa especial 1.\" \/>\n<meta name=\"robots\" content=\"index, follow, max-snippet:-1, max-image-preview:large, max-video-preview:-1\" \/>\n<link rel=\"canonical\" href=\"https:\/\/terrazaeljardindelabuelo.es\/index.php\/menu-especial-1\/\" \/>\n<meta property=\"og:locale\" content=\"es_ES\" \/>\n<meta property=\"og:type\" content=\"article\" \/>\n<meta property=\"og:title\" content=\"Men\u00fa Especial 1 - El Jard\u00edn del Abuelo\" \/>\n<meta property=\"og:description\" content=\"En el Jard\u00edn del Abuelo puede usted disfrutar de nuestro men\u00fas especial, en esta p\u00e1gina le presentamos un men\u00fa especial 1.\" \/>\n<meta property=\"og:url\" content=\"https:\/\/terrazaeljardindelabuelo.es\/index.php\/menu-especial-1\/\" \/>\n<meta property=\"og:site_name\" content=\"El Jard\u00edn del Abuelo\" \/>\n<meta property=\"article:modified_time\" content=\"2024-01-19T16:41:32+00:00\" \/>\n<meta name=\"twitter:card\" content=\"summary_large_image\" \/>\n<meta name=\"twitter:label1\" content=\"Tiempo de lectura\" \/>\n\t<meta name=\"twitter:data1\" content=\"1 minuto\" \/>\n<script type=\"application\/ld+json\" class=\"yoast-schema-graph\">{\"@context\":\"https:\\\/\\\/schema.org\",\"@graph\":[{\"@type\":\"WebPage\",\"@id\":\"https:\\\/\\\/terrazaeljardindelabuelo.es\\\/index.php\\\/menu-especial-1\\\/\",\"url\":\"https:\\\/\\\/terrazaeljardindelabuelo.es\\\/index.php\\\/menu-especial-1\\\/\",\"name\":\"Men\u00fa Especial 1 - El Jard\u00edn del Abuelo\",\"isPartOf\":{\"@id\":\"https:\\\/\\\/terrazaeljardindelabuelo.es\\\/#website\"},\"datePublished\":\"2022-05-09T13:06:00+00:00\",\"dateModified\":\"2024-01-19T16:41:32+00:00\",\"description\":\"En el Jard\u00edn del Abuelo puede usted disfrutar de nuestro men\u00fas especial, en esta p\u00e1gina le presentamos un men\u00fa especial 1.\",\"breadcrumb\":{\"@id\":\"https:\\\/\\\/terrazaeljardindelabuelo.es\\\/index.php\\\/menu-especial-1\\\/#breadcrumb\"},\"inLanguage\":\"es\",\"potentialAction\":[{\"@type\":\"ReadAction\",\"target\":[\"https:\\\/\\\/terrazaeljardindelabuelo.es\\\/index.php\\\/menu-especial-1\\\/\"]}]},{\"@type\":\"BreadcrumbList\",\"@id\":\"https:\\\/\\\/terrazaeljardindelabuelo.es\\\/index.php\\\/menu-especial-1\\\/#breadcrumb\",\"itemListElement\":[{\"@type\":\"ListItem\",\"position\":1,\"name\":\"Inicio\",\"item\":\"https:\\\/\\\/terrazaeljardindelabuelo.es\\\/\"},{\"@type\":\"ListItem\",\"position\":2,\"name\":\"Men\u00fa Especial 1\"}]},{\"@type\":\"WebSite\",\"@id\":\"https:\\\/\\\/terrazaeljardindelabuelo.es\\\/#website\",\"url\":\"https:\\\/\\\/terrazaeljardindelabuelo.es\\\/\",\"name\":\"El Jard\u00edn del Abuelo\",\"description\":\"Cocina Mediterr\u00e1nea\",\"publisher\":{\"@id\":\"https:\\\/\\\/terrazaeljardindelabuelo.es\\\/#organization\"},\"potentialAction\":[{\"@type\":\"SearchAction\",\"target\":{\"@type\":\"EntryPoint\",\"urlTemplate\":\"https:\\\/\\\/terrazaeljardindelabuelo.es\\\/?s={search_term_string}\"},\"query-input\":{\"@type\":\"PropertyValueSpecification\",\"valueRequired\":true,\"valueName\":\"search_term_string\"}}],\"inLanguage\":\"es\"},{\"@type\":\"Organization\",\"@id\":\"https:\\\/\\\/terrazaeljardindelabuelo.es\\\/#organization\",\"name\":\"Terraza El Jard\u00edn del Abuelo\",\"url\":\"https:\\\/\\\/terrazaeljardindelabuelo.es\\\/\",\"logo\":{\"@type\":\"ImageObject\",\"inLanguage\":\"es\",\"@id\":\"https:\\\/\\\/terrazaeljardindelabuelo.es\\\/#\\\/schema\\\/logo\\\/image\\\/\",\"url\":\"https:\\\/\\\/terrazaeljardindelabuelo.es\\\/wp-content\\\/uploads\\\/2022\\\/05\\\/homeprincipaleljardinabuelo-1024x576.png\",\"contentUrl\":\"https:\\\/\\\/terrazaeljardindelabuelo.es\\\/wp-content\\\/uploads\\\/2022\\\/05\\\/homeprincipaleljardinabuelo-1024x576.png\",\"width\":1024,\"height\":576,\"caption\":\"Terraza El Jard\u00edn del Abuelo\"},\"image\":{\"@id\":\"https:\\\/\\\/terrazaeljardindelabuelo.es\\\/#\\\/schema\\\/logo\\\/image\\\/\"}}]}<\/script>\n<!-- \/ Yoast SEO plugin. -->","yoast_head_json":{"title":"Men\u00fa Especial 1 - El Jard\u00edn del Abuelo","description":"En el Jard\u00edn del Abuelo puede usted disfrutar de nuestro men\u00fas especial, en esta p\u00e1gina le presentamos un men\u00fa especial 1.","robots":{"index":"index","follow":"follow","max-snippet":"max-snippet:-1","max-image-preview":"max-image-preview:large","max-video-preview":"max-video-preview:-1"},"canonical":"https:\/\/terrazaeljardindelabuelo.es\/index.php\/menu-especial-1\/","og_locale":"es_ES","og_type":"article","og_title":"Men\u00fa Especial 1 - El Jard\u00edn del Abuelo","og_description":"En el Jard\u00edn del Abuelo puede usted disfrutar de nuestro men\u00fas especial, en esta p\u00e1gina le presentamos un men\u00fa especial 1.","og_url":"https:\/\/terrazaeljardindelabuelo.es\/index.php\/menu-especial-1\/","og_site_name":"El Jard\u00edn del Abuelo","article_modified_time":"2024-01-19T16:41:32+00:00","twitter_card":"summary_large_image","twitter_misc":{"Tiempo de lectura":"1 minuto"},"schema":{"@context":"https:\/\/schema.org","@graph":[{"@type":"WebPage","@id":"https:\/\/terrazaeljardindelabuelo.es\/index.php\/menu-especial-1\/","url":"https:\/\/terrazaeljardindelabuelo.es\/index.php\/menu-especial-1\/","name":"Men\u00fa Especial 1 - El Jard\u00edn del Abuelo","isPartOf":{"@id":"https:\/\/terrazaeljardindelabuelo.es\/#website"},"datePublished":"2022-05-09T13:06:00+00:00","dateModified":"2024-01-19T16:41:32+00:00","description":"En el Jard\u00edn del Abuelo puede usted disfrutar de nuestro men\u00fas especial, en esta p\u00e1gina le presentamos un men\u00fa especial 1.","breadcrumb":{"@id":"https:\/\/terrazaeljardindelabuelo.es\/index.php\/menu-especial-1\/#breadcrumb"},"inLanguage":"es","potentialAction":[{"@type":"ReadAction","target":["https:\/\/terrazaeljardindelabuelo.es\/index.php\/menu-especial-1\/"]}]},{"@type":"BreadcrumbList","@id":"https:\/\/terrazaeljardindelabuelo.es\/index.php\/menu-especial-1\/#breadcrumb","itemListElement":[{"@type":"ListItem","position":1,"name":"Inicio","item":"https:\/\/terrazaeljardindelabuelo.es\/"},{"@type":"ListItem","position":2,"name":"Men\u00fa Especial 1"}]},{"@type":"WebSite","@id":"https:\/\/terrazaeljardindelabuelo.es\/#website","url":"https:\/\/terrazaeljardindelabuelo.es\/","name":"El Jard\u00edn del Abuelo","description":"Cocina Mediterr\u00e1nea","publisher":{"@id":"https:\/\/terrazaeljardindelabuelo.es\/#organization"},"potentialAction":[{"@type":"SearchAction","target":{"@type":"EntryPoint","urlTemplate":"https:\/\/terrazaeljardindelabuelo.es\/?s={search_term_string}"},"query-input":{"@type":"PropertyValueSpecification","valueRequired":true,"valueName":"search_term_string"}}],"inLanguage":"es"},{"@type":"Organization","@id":"https:\/\/terrazaeljardindelabuelo.es\/#organization","name":"Terraza El Jard\u00edn del Abuelo","url":"https:\/\/terrazaeljardindelabuelo.es\/","logo":{"@type":"ImageObject","inLanguage":"es","@id":"https:\/\/terrazaeljardindelabuelo.es\/#\/schema\/logo\/image\/","url":"https:\/\/terrazaeljardindelabuelo.es\/wp-content\/uploads\/2022\/05\/homeprincipaleljardinabuelo-1024x576.png","contentUrl":"https:\/\/terrazaeljardindelabuelo.es\/wp-content\/uploads\/2022\/05\/homeprincipaleljardinabuelo-1024x576.png","width":1024,"height":576,"caption":"Terraza El Jard\u00edn del Abuelo"},"image":{"@id":"https:\/\/terrazaeljardindelabuelo.es\/#\/schema\/logo\/image\/"}}]}},"_links":{"self":[{"href":"https:\/\/terrazaeljardindelabuelo.es\/index.php\/wp-json\/wp\/v2\/pages\/6740","targetHints":{"allow":["GET"]}}],"collection":[{"href":"https:\/\/terrazaeljardindelabuelo.es\/index.php\/wp-json\/wp\/v2\/pages"}],"about":[{"href":"https:\/\/terrazaeljardindelabuelo.es\/index.php\/wp-json\/wp\/v2\/types\/page"}],"author":[{"embeddable":true,"href":"https:\/\/terrazaeljardindelabuelo.es\/index.php\/wp-json\/wp\/v2\/users\/1"}],"replies":[{"embeddable":true,"href":"https:\/\/terrazaeljardindelabuelo.es\/index.php\/wp-json\/wp\/v2\/comments?post=6740"}],"version-history":[{"count":44,"href":"https:\/\/terrazaeljardindelabuelo.es\/index.php\/wp-json\/wp\/v2\/pages\/6740\/revisions"}],"predecessor-version":[{"id":7240,"href":"https:\/\/terrazaeljardindelabuelo.es\/index.php\/wp-json\/wp\/v2\/pages\/6740\/revisions\/7240"}],"wp:attachment":[{"href":"https:\/\/terrazaeljardindelabuelo.es\/index.php\/wp-json\/wp\/v2\/media?parent=6740"}],"curies":[{"name":"wp","href":"https:\/\/api.w.org\/{rel}","templated":true}]}}